{"id":2137,"date":"2023-04-25T07:14:05","date_gmt":"2023-04-25T06:14:05","guid":{"rendered":"https:\/\/www.dpg-goettingen.de\/?page_id=2137"},"modified":"2026-02-12T16:30:11","modified_gmt":"2026-02-12T15:30:11","slug":"soli-ukraine-und-belarus","status":"publish","type":"page","link":"https:\/\/www.dpg-goettingen.de\/?page_id=2137","title":{"rendered":"Stand with Ukraine"},"content":{"rendered":"\n<p><\/p>\n\n\n\n<p><strong>Gemeinsamer Aufruf zur Kundgebung am Sonntag, 22. Februar 2026<\/strong><\/p>\n\n\n\n<p><strong>4. Jahrestag der russischen Vollinvasion in die Ukraine (24. Februar 2022)<\/strong><\/p>\n\n\n\n<p><strong>Europa steht an der Seite der Ukraine \u2013 entschlossen, verl\u00e4sslich, solidarisch<\/strong><\/p>\n\n\n\n<figure class=\"wp-block-image size-large\"><img decoding=\"async\" loading=\"lazy\" width=\"724\" height=\"1024\" src=\"https:\/\/www.dpg-goettingen.de\/wp-content\/uploads\/plakat-724x1024.png\" alt=\"\" class=\"wp-image-3482\" srcset=\"https:\/\/www.dpg-goettingen.de\/wp-content\/uploads\/plakat-724x1024.png 724w, https:\/\/www.dpg-goettingen.de\/wp-content\/uploads\/plakat-212x300.png 212w, https:\/\/www.dpg-goettingen.de\/wp-content\/uploads\/plakat-768x1086.png 768w, https:\/\/www.dpg-goettingen.de\/wp-content\/uploads\/plakat-1087x1536.png 1087w, https:\/\/www.dpg-goettingen.de\/wp-content\/uploads\/plakat-1449x2048.png 1449w\" sizes=\"(max-width: 724px) 100vw, 724px\" \/><\/figure>\n\n\n\n<p><\/p>\n\n\n\n<p>Am 24. Februar 2026 j\u00e4hrt sich die russische Vollinvasion in die Ukraine zum vierten Mal. Vier Jahre Leid, Zerst\u00f6rung und unermessliche Opfer \u2013 und vier Jahre, in denen die Ukraine unersch\u00fctterlich ihr Recht auf Freiheit, Selbstbestimmung und eine europ\u00e4ische Zukunft verteidigt. Dieser Krieg ist nicht nur ein Angriff auf die Ukraine. Er ist ein Angriff auf das V\u00f6lkerrecht, auf Demokratie und Menschenrechte \u2013 und damit auf die Grundlagen der europ\u00e4ischen Friedensordnung.<\/p>\n\n\n\n<p>Darum rufen die Europa-Union Deutschland \u2013 Kreisverband G\u00f6ttingen, die Deutsch-Polnische Gesellschaft G\u00f6ttingen, die Ukrainisch-Deutsche Gemeinschaft in S\u00fcdniedersachsen und United Held for Ukraine e.V. gemeinsam zur Teilnahme an einer Kundgebung auf:<\/p>\n\n\n\n<p><strong>Friedensgebet:&nbsp;<\/strong>Sonntag, 22. Februar 2026, 16 Uhr, Kirche St. Michael, G\u00f6ttingen<\/p>\n\n\n\n<p><strong>Schweigemarsch:&nbsp;<\/strong>im Anschluss zum Marktplatz \/ G\u00e4nseliesel<\/p>\n\n\n\n<p><strong>Kundgebung:&nbsp;<\/strong>17:00 Uhr, Marktplatz \/ G\u00e4nseliesel, G\u00f6ttingen<\/p>\n\n\n\n<p>Wir bitten alle B\u00fcrgerinnen und B\u00fcrger: Kommen Sie, zeigen Sie Solidarit\u00e4t \u2013 mit den Menschen in der Ukraine und mit den hier lebenden Ukrainerinnen und Ukrainern. Gerade wenn M\u00fcdigkeit und Verdr\u00e4ngung wachsen, braucht es sichtbare Zeichen. Freiheit ist nicht verhandelbar. Aggression darf sich nicht lohnen.<\/p>\n\n\n\n<p>Unsere Kundgebung verbindet Trauer und Erinnerung mit politischer Klarheit: Wir stehen f\u00fcr einen gerechten Frieden \u2013 nicht f\u00fcr einen \u201eFrieden\u201c, der Unrecht festschreibt. Verhandlungen d\u00fcrfen nicht dazu f\u00fchren, dass Besatzung legitimiert oder die Souver\u00e4nit\u00e4t der Ukraine preisgegeben wird. Die Existenz der Ukraine in ihren v\u00f6lkerrechtlich anerkannten Grenzen ist unverhandelbar.<\/p>\n\n\n\n<p><strong>Uneingeschr\u00e4nkte Unterst\u00fctzung \u2013 milit\u00e4risch, humanit\u00e4r und diplomatisch<\/strong><\/p>\n\n\n\n<p>Die Ukraine verteidigt nicht nur ihr eigenes Existenzrecht, sondern auch Europas Sicherheit. Daraus folgt Verantwortung: Europa muss verl\u00e4sslich handeln und die Ukraine noch st\u00e4rker unterst\u00fctzen \u2013 im eigenen Interesse, aber vor allem aus Solidarit\u00e4t mit einem angegriffenen europ\u00e4ischen Land.<\/p>\n\n\n\n<p>Wir verbinden mit der Kundgebung klare Erwartungen an Bund, EU und Partnerstaaten:<\/p>\n\n\n\n<p><strong>1. Milit\u00e4rische Unterst\u00fctzung konsequent fortsetzen und ausbauen.&nbsp;<\/strong>Die Ukraine muss in die Lage versetzt werden, sich wirksam zu verteidigen \u2013 insbesondere durch ausreichende Luftverteidigung und die Lieferung der Systeme, die sie nach eigener Einsch\u00e4tzung ben\u00f6tigt.<\/p>\n\n\n\n<p><strong>2. Humanit\u00e4re Hilfe und Schutz st\u00e4rken.&nbsp;<\/strong>Hilfe f\u00fcr Verwundete, Familien, Kommunen, Gefl\u00fcchtete sowie Unterst\u00fctzung f\u00fcr Wiederaufbau und zivilgesellschaftliche Strukturen m\u00fcssen dauerhaft gesichert werden \u2013 auch hier vor Ort durch konkrete Solidarit\u00e4t.<\/p>\n\n\n\n<p><strong>3. Diplomatie mit Prinzipien.&nbsp;<\/strong>Diplomatie bleibt unverzichtbar \u2013 aber sie muss Freiheit und V\u00f6lkerrecht absichern. Ein Ende des Krieges darf nicht auf Kosten der Unabh\u00e4ngigkeit, Integrit\u00e4t und Zukunftsperspektive der Ukraine gehen.<\/p>\n\n\n\n<p><strong>4. Russland Finanzen entziehen, Ukraine st\u00e4rken.&nbsp;<\/strong>Eingefrorene Gelder russischer Konzerne und Oligarchen in Europa m\u00fcssen liquidiert und der Ukraine zur Verf\u00fcgung gestellt werden. Zugleich muss die russische Schattenflotte gestoppt werden und wir d\u00fcrfen die russische Kriegswirtschaft nicht indirekt weiter finanzieren.<\/p>\n\n\n\n<p><strong>5. Europa handlungsf\u00e4hig und wehrhaft machen.&nbsp;<\/strong>Europas Freiheit und Sicherheit d\u00fcrfen nicht von Blockaden einzelner Regierungen abh\u00e4ngig sein: Wo es um Sanktionen und Sicherheit geht, braucht es entschlosseneres europ\u00e4isches Handeln. Dazu geh\u00f6ren auch konsequenterer Schutz des europ\u00e4ischen Luftraums und eine bessere Abwehr hybrider Bedrohungen wie Cyberangriffe, Sabotage und Desinformation.<\/p>\n\n\n\n<p>Wir danken allen Menschen in S\u00fcdniedersachsen, die seit 2022 geholfen haben: mit Unterkunft, Begleitung, Spenden, Sprache, Schule, Arbeit \u2013 und mit Menschlichkeit. Diese Solidarit\u00e4t ist Teil unserer demokratischen Kultur.<\/p>\n\n\n\n<p>Bringen Sie gern ukrainische und europ\u00e4ische Fahnen, Kerzen oder Blumen mit. Die Kundgebung ist friedlich; sie steht f\u00fcr W\u00fcrde, Anteilnahme und eine klare demokratische Haltung.<\/p>\n\n\n\n<figure class=\"wp-block-image\"><img alt=\"\"\/><\/figure>\n\n\n\n<p>Kommen Sie am Sonntag, 22. Februar 2026. Setzen wir gemeinsam ein sichtbares Zeichen. G\u00f6ttingen und S\u00fcdniedersachsen stehen an der Seite der Ukraine \u2013 f\u00fcr Freiheit, Recht und ein friedliches Europa.<\/p>\n\n\n\n<p><strong>\u0421\u043b\u0430\u0432\u0430 \u0423\u043a\u0440\u0430\u0457\u043d\u0456! \u2013 Slawa Ukrajini!<\/strong><\/p>\n\n\n\n<p><strong>Veranstalter:<\/strong><\/p>\n\n\n\n<p>Europa-Union Deutschland \u2013 Kreisverband G\u00f6ttingen e.V.<\/p>\n\n\n\n<p>Deutsch-Polnische Gesellschaft G\u00f6tingen e.V.<\/p>\n\n\n\n<p>Ukrainisch-Deutsche Gemeinschaft in S\u00fcdniedersachsen e.V.<\/p>\n\n\n\n<hr class=\"wp-block-separator has-alpha-channel-opacity\"\/>\n\n\n\n<p><\/p>\n\n\n\n<h4 class=\"wp-block-heading\"><strong>Solidarit\u00e4tskundgebung f\u00fcr die freie Ukraine<\/strong><\/h4>\n\n\n\n<div style=\"height:38px\" aria-hidden=\"true\" class=\"wp-block-spacer\"><\/div>\n\n\n\n<p>F\u00fcr den 22. Februar 2025 um 17 Uhr am G\u00f6ttinger G\u00e4nseliesel riefen wir gemeinsam mit der Deutsch-Ukrainischen Gemeinschaft in S\u00fcdniedersachsen und der Europa-Union KV G\u00f6ttingen zu einer Kundgebung anl\u00e4sslich des dritten Jahrestags der russischen Invasion in die Ukraine auf.<\/p>\n\n\n\n<p><strong>Eindr\u00fccke vom Gebet f\u00fcr den Frieden und der Kundgebung. Klicken Sie auf ein Bild, um es in voller Gr\u00f6\u00dfe anzusehen.<\/strong><\/p>\n\n\n\n<figure class=\"wp-block-gallery has-nested-images columns-default is-cropped wp-block-gallery-1 is-layout-flex\">\n<figure class=\"wp-block-image size-large\"><a href=\"https:\/\/www.dpg-goettingen.de\/wp-content\/uploads\/db23be92-1630-4158-8598-fcb3f7fd71c5.jpg\"><img decoding=\"async\" loading=\"lazy\" width=\"1024\" height=\"683\" data-id=\"3143\"  src=\"https:\/\/www.dpg-goettingen.de\/wp-content\/uploads\/db23be92-1630-4158-8598-fcb3f7fd71c5-1024x683.jpg\" alt=\"\" class=\"wp-image-3143\" srcset=\"https:\/\/www.dpg-goettingen.de\/wp-content\/uploads\/db23be92-1630-4158-8598-fcb3f7fd71c5-1024x683.jpg 1024w, https:\/\/www.dpg-goettingen.de\/wp-content\/uploads\/db23be92-1630-4158-8598-fcb3f7fd71c5-300x200.jpg 300w, https:\/\/www.dpg-goettingen.de\/wp-content\/uploads\/db23be92-1630-4158-8598-fcb3f7fd71c5-768x512.jpg 768w, https:\/\/www.dpg-goettingen.de\/wp-content\/uploads\/db23be92-1630-4158-8598-fcb3f7fd71c5-1536x1024.jpg 1536w, https:\/\/www.dpg-goettingen.de\/wp-content\/uploads\/db23be92-1630-4158-8598-fcb3f7fd71c5.jpg 2048w\" sizes=\"(max-width: 1024px) 100vw, 1024px\" \/><\/a><\/figure>\n\n\n\n<figure class=\"wp-block-image size-large\"><a href=\"https:\/\/www.dpg-goettingen.de\/wp-content\/uploads\/f6bcbedf-01c8-4966-a540-bb94e74a564d.jpg\"><img decoding=\"async\" loading=\"lazy\" width=\"1024\" height=\"683\" data-id=\"3134\"  src=\"https:\/\/www.dpg-goettingen.de\/wp-content\/uploads\/f6bcbedf-01c8-4966-a540-bb94e74a564d-1024x683.jpg\" alt=\"\" class=\"wp-image-3134\" srcset=\"https:\/\/www.dpg-goettingen.de\/wp-content\/uploads\/f6bcbedf-01c8-4966-a540-bb94e74a564d-1024x683.jpg 1024w, https:\/\/www.dpg-goettingen.de\/wp-content\/uploads\/f6bcbedf-01c8-4966-a540-bb94e74a564d-300x200.jpg 300w, https:\/\/www.dpg-goettingen.de\/wp-content\/uploads\/f6bcbedf-01c8-4966-a540-bb94e74a564d-768x512.jpg 768w, https:\/\/www.dpg-goettingen.de\/wp-content\/uploads\/f6bcbedf-01c8-4966-a540-bb94e74a564d-1536x1024.jpg 1536w, https:\/\/www.dpg-goettingen.de\/wp-content\/uploads\/f6bcbedf-01c8-4966-a540-bb94e74a564d.jpg 2048w\" sizes=\"(max-width: 1024px) 100vw, 1024px\" \/><\/a><\/figure>\n\n\n\n<figure class=\"wp-block-image size-large\"><a href=\"https:\/\/www.dpg-goettingen.de\/wp-content\/uploads\/92a93bcd-7a82-4c43-8ad3-e8bb24b67feb.jpg\"><img decoding=\"async\" loading=\"lazy\" width=\"1024\" height=\"682\" data-id=\"3152\"  src=\"https:\/\/www.dpg-goettingen.de\/wp-content\/uploads\/92a93bcd-7a82-4c43-8ad3-e8bb24b67feb-1024x682.jpg\" alt=\"\" class=\"wp-image-3152\" srcset=\"https:\/\/www.dpg-goettingen.de\/wp-content\/uploads\/92a93bcd-7a82-4c43-8ad3-e8bb24b67feb-1024x682.jpg 1024w, https:\/\/www.dpg-goettingen.de\/wp-content\/uploads\/92a93bcd-7a82-4c43-8ad3-e8bb24b67feb-300x200.jpg 300w, https:\/\/www.dpg-goettingen.de\/wp-content\/uploads\/92a93bcd-7a82-4c43-8ad3-e8bb24b67feb-768x512.jpg 768w, https:\/\/www.dpg-goettingen.de\/wp-content\/uploads\/92a93bcd-7a82-4c43-8ad3-e8bb24b67feb-1536x1023.jpg 1536w, https:\/\/www.dpg-goettingen.de\/wp-content\/uploads\/92a93bcd-7a82-4c43-8ad3-e8bb24b67feb.jpg 2048w\" sizes=\"(max-width: 1024px) 100vw, 1024px\" \/><\/a><\/figure>\n\n\n\n<figure class=\"wp-block-image size-large\"><a href=\"https:\/\/www.dpg-goettingen.de\/wp-content\/uploads\/45131dc2-dd71-4b8d-979c-2031ccab9f36.jpg\"><img decoding=\"async\" loading=\"lazy\" width=\"1024\" height=\"683\" data-id=\"3140\"  src=\"https:\/\/www.dpg-goettingen.de\/wp-content\/uploads\/45131dc2-dd71-4b8d-979c-2031ccab9f36-1024x683.jpg\" alt=\"\" class=\"wp-image-3140\" srcset=\"https:\/\/www.dpg-goettingen.de\/wp-content\/uploads\/45131dc2-dd71-4b8d-979c-2031ccab9f36-1024x683.jpg 1024w, https:\/\/www.dpg-goettingen.de\/wp-content\/uploads\/45131dc2-dd71-4b8d-979c-2031ccab9f36-300x200.jpg 300w, https:\/\/www.dpg-goettingen.de\/wp-content\/uploads\/45131dc2-dd71-4b8d-979c-2031ccab9f36-768x512.jpg 768w, https:\/\/www.dpg-goettingen.de\/wp-content\/uploads\/45131dc2-dd71-4b8d-979c-2031ccab9f36-1536x1024.jpg 1536w, https:\/\/www.dpg-goettingen.de\/wp-content\/uploads\/45131dc2-dd71-4b8d-979c-2031ccab9f36.jpg 2048w\" sizes=\"(max-width: 1024px) 100vw, 1024px\" \/><\/a><\/figure>\n\n\n\n<figure class=\"wp-block-image size-large\"><a href=\"https:\/\/www.dpg-goettingen.de\/wp-content\/uploads\/8ae3dec7-4a0c-4b13-a0c4-f2669967a6f8.jpg\"><img decoding=\"async\" loading=\"lazy\" width=\"1024\" height=\"682\" data-id=\"3139\"  src=\"https:\/\/www.dpg-goettingen.de\/wp-content\/uploads\/8ae3dec7-4a0c-4b13-a0c4-f2669967a6f8-1024x682.jpg\" alt=\"\" class=\"wp-image-3139\" srcset=\"https:\/\/www.dpg-goettingen.de\/wp-content\/uploads\/8ae3dec7-4a0c-4b13-a0c4-f2669967a6f8-1024x682.jpg 1024w, https:\/\/www.dpg-goettingen.de\/wp-content\/uploads\/8ae3dec7-4a0c-4b13-a0c4-f2669967a6f8-300x200.jpg 300w, https:\/\/www.dpg-goettingen.de\/wp-content\/uploads\/8ae3dec7-4a0c-4b13-a0c4-f2669967a6f8-768x512.jpg 768w, https:\/\/www.dpg-goettingen.de\/wp-content\/uploads\/8ae3dec7-4a0c-4b13-a0c4-f2669967a6f8-1536x1023.jpg 1536w, https:\/\/www.dpg-goettingen.de\/wp-content\/uploads\/8ae3dec7-4a0c-4b13-a0c4-f2669967a6f8.jpg 2048w\" sizes=\"(max-width: 1024px) 100vw, 1024px\" \/><\/a><\/figure>\n\n\n\n<figure class=\"wp-block-image size-large\"><a href=\"https:\/\/www.dpg-goettingen.de\/wp-content\/uploads\/photo_5321438461288379296_y.jpg\"><img decoding=\"async\" loading=\"lazy\" width=\"1024\" height=\"682\" data-id=\"3118\"  src=\"https:\/\/www.dpg-goettingen.de\/wp-content\/uploads\/photo_5321438461288379296_y-1024x682.jpg\" alt=\"\" class=\"wp-image-3118\" srcset=\"https:\/\/www.dpg-goettingen.de\/wp-content\/uploads\/photo_5321438461288379296_y-1024x682.jpg 1024w, https:\/\/www.dpg-goettingen.de\/wp-content\/uploads\/photo_5321438461288379296_y-300x200.jpg 300w, https:\/\/www.dpg-goettingen.de\/wp-content\/uploads\/photo_5321438461288379296_y-768x512.jpg 768w, https:\/\/www.dpg-goettingen.de\/wp-content\/uploads\/photo_5321438461288379296_y.jpg 1280w\" sizes=\"(max-width: 1024px) 100vw, 1024px\" \/><\/a><\/figure>\n\n\n\n<figure class=\"wp-block-image size-large\"><a href=\"https:\/\/www.dpg-goettingen.de\/wp-content\/uploads\/photo_5323724711034744365_y.jpg\"><img decoding=\"async\" loading=\"lazy\" width=\"1024\" height=\"682\" data-id=\"3124\"  src=\"https:\/\/www.dpg-goettingen.de\/wp-content\/uploads\/photo_5323724711034744365_y-1024x682.jpg\" alt=\"\" class=\"wp-image-3124\" srcset=\"https:\/\/www.dpg-goettingen.de\/wp-content\/uploads\/photo_5323724711034744365_y-1024x682.jpg 1024w, https:\/\/www.dpg-goettingen.de\/wp-content\/uploads\/photo_5323724711034744365_y-300x200.jpg 300w, https:\/\/www.dpg-goettingen.de\/wp-content\/uploads\/photo_5323724711034744365_y-768x512.jpg 768w, https:\/\/www.dpg-goettingen.de\/wp-content\/uploads\/photo_5323724711034744365_y.jpg 1280w\" sizes=\"(max-width: 1024px) 100vw, 1024px\" \/><\/a><\/figure>\n\n\n\n<figure class=\"wp-block-image size-large\"><a href=\"https:\/\/www.dpg-goettingen.de\/wp-content\/uploads\/photo_5321438461288379270_y.jpg\"><img decoding=\"async\" loading=\"lazy\" width=\"1024\" height=\"683\" data-id=\"3115\"  src=\"https:\/\/www.dpg-goettingen.de\/wp-content\/uploads\/photo_5321438461288379270_y-1024x683.jpg\" alt=\"\" class=\"wp-image-3115\" srcset=\"https:\/\/www.dpg-goettingen.de\/wp-content\/uploads\/photo_5321438461288379270_y-1024x683.jpg 1024w, https:\/\/www.dpg-goettingen.de\/wp-content\/uploads\/photo_5321438461288379270_y-300x200.jpg 300w, https:\/\/www.dpg-goettingen.de\/wp-content\/uploads\/photo_5321438461288379270_y-768x512.jpg 768w, https:\/\/www.dpg-goettingen.de\/wp-content\/uploads\/photo_5321438461288379270_y.jpg 1280w\" sizes=\"(max-width: 1024px) 100vw, 1024px\" \/><\/a><\/figure>\n\n\n\n<figure class=\"wp-block-image size-large\"><a href=\"https:\/\/www.dpg-goettingen.de\/wp-content\/uploads\/photo_5321438461288379253_y.jpg\"><img decoding=\"async\" loading=\"lazy\" width=\"1024\" height=\"682\" data-id=\"3122\"  src=\"https:\/\/www.dpg-goettingen.de\/wp-content\/uploads\/photo_5321438461288379253_y-1024x682.jpg\" alt=\"\" class=\"wp-image-3122\" srcset=\"https:\/\/www.dpg-goettingen.de\/wp-content\/uploads\/photo_5321438461288379253_y-1024x682.jpg 1024w, https:\/\/www.dpg-goettingen.de\/wp-content\/uploads\/photo_5321438461288379253_y-300x200.jpg 300w, https:\/\/www.dpg-goettingen.de\/wp-content\/uploads\/photo_5321438461288379253_y-768x512.jpg 768w, https:\/\/www.dpg-goettingen.de\/wp-content\/uploads\/photo_5321438461288379253_y.jpg 1280w\" sizes=\"(max-width: 1024px) 100vw, 1024px\" \/><\/a><\/figure>\n\n\n\n<figure class=\"wp-block-image size-large\"><a href=\"https:\/\/www.dpg-goettingen.de\/wp-content\/uploads\/photo_5321438461288379280_y.jpg\"><img decoding=\"async\" loading=\"lazy\" width=\"1024\" height=\"682\" data-id=\"3123\"  src=\"https:\/\/www.dpg-goettingen.de\/wp-content\/uploads\/photo_5321438461288379280_y-1024x682.jpg\" alt=\"\" class=\"wp-image-3123\" srcset=\"https:\/\/www.dpg-goettingen.de\/wp-content\/uploads\/photo_5321438461288379280_y-1024x682.jpg 1024w, https:\/\/www.dpg-goettingen.de\/wp-content\/uploads\/photo_5321438461288379280_y-300x200.jpg 300w, https:\/\/www.dpg-goettingen.de\/wp-content\/uploads\/photo_5321438461288379280_y-768x512.jpg 768w, https:\/\/www.dpg-goettingen.de\/wp-content\/uploads\/photo_5321438461288379280_y.jpg 1280w\" sizes=\"(max-width: 1024px) 100vw, 1024px\" \/><\/a><\/figure>\n\n\n\n<figure class=\"wp-block-image size-large\"><a href=\"https:\/\/www.dpg-goettingen.de\/wp-content\/uploads\/photo_5321438461288379281_y.jpg\"><img decoding=\"async\" loading=\"lazy\" width=\"1024\" height=\"682\" data-id=\"3126\"  src=\"https:\/\/www.dpg-goettingen.de\/wp-content\/uploads\/photo_5321438461288379281_y-1024x682.jpg\" alt=\"\" class=\"wp-image-3126\" srcset=\"https:\/\/www.dpg-goettingen.de\/wp-content\/uploads\/photo_5321438461288379281_y-1024x682.jpg 1024w, https:\/\/www.dpg-goettingen.de\/wp-content\/uploads\/photo_5321438461288379281_y-300x200.jpg 300w, https:\/\/www.dpg-goettingen.de\/wp-content\/uploads\/photo_5321438461288379281_y-768x512.jpg 768w, https:\/\/www.dpg-goettingen.de\/wp-content\/uploads\/photo_5321438461288379281_y.jpg 1280w\" sizes=\"(max-width: 1024px) 100vw, 1024px\" \/><\/a><\/figure>\n\n\n\n<figure class=\"wp-block-image size-large\"><a href=\"https:\/\/www.dpg-goettingen.de\/wp-content\/uploads\/photo_5321438461288379293_y.jpg\"><img decoding=\"async\" loading=\"lazy\" width=\"1024\" height=\"682\" data-id=\"3125\"  src=\"https:\/\/www.dpg-goettingen.de\/wp-content\/uploads\/photo_5321438461288379293_y-1024x682.jpg\" alt=\"\" class=\"wp-image-3125\" srcset=\"https:\/\/www.dpg-goettingen.de\/wp-content\/uploads\/photo_5321438461288379293_y-1024x682.jpg 1024w, https:\/\/www.dpg-goettingen.de\/wp-content\/uploads\/photo_5321438461288379293_y-300x200.jpg 300w, https:\/\/www.dpg-goettingen.de\/wp-content\/uploads\/photo_5321438461288379293_y-768x512.jpg 768w, https:\/\/www.dpg-goettingen.de\/wp-content\/uploads\/photo_5321438461288379293_y.jpg 1280w\" sizes=\"(max-width: 1024px) 100vw, 1024px\" \/><\/a><\/figure>\n\n\n\n<figure class=\"wp-block-image size-large\"><a href=\"https:\/\/www.dpg-goettingen.de\/wp-content\/uploads\/photo_5323724711034744371_y.jpg\"><img decoding=\"async\" loading=\"lazy\" width=\"1024\" height=\"682\" data-id=\"3119\"  src=\"https:\/\/www.dpg-goettingen.de\/wp-content\/uploads\/photo_5323724711034744371_y-1024x682.jpg\" alt=\"\" class=\"wp-image-3119\" srcset=\"https:\/\/www.dpg-goettingen.de\/wp-content\/uploads\/photo_5323724711034744371_y-1024x682.jpg 1024w, https:\/\/www.dpg-goettingen.de\/wp-content\/uploads\/photo_5323724711034744371_y-300x200.jpg 300w, https:\/\/www.dpg-goettingen.de\/wp-content\/uploads\/photo_5323724711034744371_y-768x512.jpg 768w, https:\/\/www.dpg-goettingen.de\/wp-content\/uploads\/photo_5323724711034744371_y.jpg 1280w\" sizes=\"(max-width: 1024px) 100vw, 1024px\" \/><\/a><\/figure>\n\n\n\n<figure class=\"wp-block-image size-large\"><a href=\"https:\/\/www.dpg-goettingen.de\/wp-content\/uploads\/photo_5321438461288379297_y.jpg\"><img decoding=\"async\" loading=\"lazy\" width=\"1024\" height=\"682\" data-id=\"3114\"  src=\"https:\/\/www.dpg-goettingen.de\/wp-content\/uploads\/photo_5321438461288379297_y-1024x682.jpg\" alt=\"\" class=\"wp-image-3114\" srcset=\"https:\/\/www.dpg-goettingen.de\/wp-content\/uploads\/photo_5321438461288379297_y-1024x682.jpg 1024w, https:\/\/www.dpg-goettingen.de\/wp-content\/uploads\/photo_5321438461288379297_y-300x200.jpg 300w, https:\/\/www.dpg-goettingen.de\/wp-content\/uploads\/photo_5321438461288379297_y-768x512.jpg 768w, https:\/\/www.dpg-goettingen.de\/wp-content\/uploads\/photo_5321438461288379297_y.jpg 1280w\" sizes=\"(max-width: 1024px) 100vw, 1024px\" \/><\/a><\/figure>\n\n\n\n<figure class=\"wp-block-image size-large\"><a href=\"https:\/\/www.dpg-goettingen.de\/wp-content\/uploads\/photo_5321438461288379276_y.jpg\"><img decoding=\"async\" loading=\"lazy\" width=\"1024\" height=\"682\" data-id=\"3117\"  src=\"https:\/\/www.dpg-goettingen.de\/wp-content\/uploads\/photo_5321438461288379276_y-1024x682.jpg\" alt=\"\" class=\"wp-image-3117\" srcset=\"https:\/\/www.dpg-goettingen.de\/wp-content\/uploads\/photo_5321438461288379276_y-1024x682.jpg 1024w, https:\/\/www.dpg-goettingen.de\/wp-content\/uploads\/photo_5321438461288379276_y-300x200.jpg 300w, https:\/\/www.dpg-goettingen.de\/wp-content\/uploads\/photo_5321438461288379276_y-768x512.jpg 768w, https:\/\/www.dpg-goettingen.de\/wp-content\/uploads\/photo_5321438461288379276_y.jpg 1280w\" sizes=\"(max-width: 1024px) 100vw, 1024px\" \/><\/a><\/figure>\n\n\n\n<figure class=\"wp-block-image size-large\"><a href=\"https:\/\/www.dpg-goettingen.de\/wp-content\/uploads\/photo_5323724711034744358_y.jpg\"><img decoding=\"async\" loading=\"lazy\" width=\"1024\" height=\"682\" data-id=\"3120\"  src=\"https:\/\/www.dpg-goettingen.de\/wp-content\/uploads\/photo_5323724711034744358_y-1024x682.jpg\" alt=\"\" class=\"wp-image-3120\" srcset=\"https:\/\/www.dpg-goettingen.de\/wp-content\/uploads\/photo_5323724711034744358_y-1024x682.jpg 1024w, https:\/\/www.dpg-goettingen.de\/wp-content\/uploads\/photo_5323724711034744358_y-300x200.jpg 300w, https:\/\/www.dpg-goettingen.de\/wp-content\/uploads\/photo_5323724711034744358_y-768x512.jpg 768w, https:\/\/www.dpg-goettingen.de\/wp-content\/uploads\/photo_5323724711034744358_y.jpg 1280w\" sizes=\"(max-width: 1024px) 100vw, 1024px\" \/><\/a><\/figure>\n\n\n\n<figure class=\"wp-block-image size-large\"><a href=\"https:\/\/www.dpg-goettingen.de\/wp-content\/uploads\/3e43f16c-c0c5-4fce-b38b-26dd0eabbc35-1.jpg\"><img decoding=\"async\" loading=\"lazy\" width=\"1024\" height=\"683\" data-id=\"3116\"  src=\"https:\/\/www.dpg-goettingen.de\/wp-content\/uploads\/3e43f16c-c0c5-4fce-b38b-26dd0eabbc35-1-1024x683.jpg\" alt=\"\" class=\"wp-image-3116\" srcset=\"https:\/\/www.dpg-goettingen.de\/wp-content\/uploads\/3e43f16c-c0c5-4fce-b38b-26dd0eabbc35-1-1024x683.jpg 1024w, https:\/\/www.dpg-goettingen.de\/wp-content\/uploads\/3e43f16c-c0c5-4fce-b38b-26dd0eabbc35-1-300x200.jpg 300w, https:\/\/www.dpg-goettingen.de\/wp-content\/uploads\/3e43f16c-c0c5-4fce-b38b-26dd0eabbc35-1-768x512.jpg 768w, https:\/\/www.dpg-goettingen.de\/wp-content\/uploads\/3e43f16c-c0c5-4fce-b38b-26dd0eabbc35-1-1536x1024.jpg 1536w, https:\/\/www.dpg-goettingen.de\/wp-content\/uploads\/3e43f16c-c0c5-4fce-b38b-26dd0eabbc35-1.jpg 2048w\" sizes=\"(max-width: 1024px) 100vw, 1024px\" \/><\/a><\/figure>\n\n\n\n<figure class=\"wp-block-image size-large\"><a href=\"https:\/\/www.dpg-goettingen.de\/wp-content\/uploads\/0166e520-b545-40fa-a175-75448cf709b3.jpg\"><img decoding=\"async\" loading=\"lazy\" width=\"1024\" height=\"683\" data-id=\"3127\"  src=\"https:\/\/www.dpg-goettingen.de\/wp-content\/uploads\/0166e520-b545-40fa-a175-75448cf709b3-1024x683.jpg\" alt=\"\" class=\"wp-image-3127\" srcset=\"https:\/\/www.dpg-goettingen.de\/wp-content\/uploads\/0166e520-b545-40fa-a175-75448cf709b3-1024x683.jpg 1024w, https:\/\/www.dpg-goettingen.de\/wp-content\/uploads\/0166e520-b545-40fa-a175-75448cf709b3-300x200.jpg 300w, https:\/\/www.dpg-goettingen.de\/wp-content\/uploads\/0166e520-b545-40fa-a175-75448cf709b3-768x512.jpg 768w, https:\/\/www.dpg-goettingen.de\/wp-content\/uploads\/0166e520-b545-40fa-a175-75448cf709b3-1536x1024.jpg 1536w, https:\/\/www.dpg-goettingen.de\/wp-content\/uploads\/0166e520-b545-40fa-a175-75448cf709b3.jpg 2048w\" sizes=\"(max-width: 1024px) 100vw, 1024px\" \/><\/a><\/figure>\n\n\n\n<figure class=\"wp-block-image size-large\"><a href=\"https:\/\/www.dpg-goettingen.de\/wp-content\/uploads\/d2e2e380-5ce2-4c74-b949-cf96338a8989.jpg\"><img decoding=\"async\" loading=\"lazy\" width=\"1024\" height=\"824\" data-id=\"3129\"  src=\"https:\/\/www.dpg-goettingen.de\/wp-content\/uploads\/d2e2e380-5ce2-4c74-b949-cf96338a8989-1024x824.jpg\" alt=\"\" class=\"wp-image-3129\" srcset=\"https:\/\/www.dpg-goettingen.de\/wp-content\/uploads\/d2e2e380-5ce2-4c74-b949-cf96338a8989-1024x824.jpg 1024w, https:\/\/www.dpg-goettingen.de\/wp-content\/uploads\/d2e2e380-5ce2-4c74-b949-cf96338a8989-300x241.jpg 300w, https:\/\/www.dpg-goettingen.de\/wp-content\/uploads\/d2e2e380-5ce2-4c74-b949-cf96338a8989-768x618.jpg 768w, https:\/\/www.dpg-goettingen.de\/wp-content\/uploads\/d2e2e380-5ce2-4c74-b949-cf96338a8989-1536x1235.jpg 1536w, https:\/\/www.dpg-goettingen.de\/wp-content\/uploads\/d2e2e380-5ce2-4c74-b949-cf96338a8989.jpg 2048w\" sizes=\"(max-width: 1024px) 100vw, 1024px\" \/><\/a><\/figure>\n\n\n\n<figure class=\"wp-block-image size-large\"><a href=\"https:\/\/www.dpg-goettingen.de\/wp-content\/uploads\/5d615346-6020-4b1c-8822-fe9c0c34e18f.jpg\"><img decoding=\"async\" loading=\"lazy\" width=\"1024\" height=\"683\" data-id=\"3133\"  src=\"https:\/\/www.dpg-goettingen.de\/wp-content\/uploads\/5d615346-6020-4b1c-8822-fe9c0c34e18f-1024x683.jpg\" alt=\"\" class=\"wp-image-3133\" srcset=\"https:\/\/www.dpg-goettingen.de\/wp-content\/uploads\/5d615346-6020-4b1c-8822-fe9c0c34e18f-1024x683.jpg 1024w, https:\/\/www.dpg-goettingen.de\/wp-content\/uploads\/5d615346-6020-4b1c-8822-fe9c0c34e18f-300x200.jpg 300w, https:\/\/www.dpg-goettingen.de\/wp-content\/uploads\/5d615346-6020-4b1c-8822-fe9c0c34e18f-768x512.jpg 768w, https:\/\/www.dpg-goettingen.de\/wp-content\/uploads\/5d615346-6020-4b1c-8822-fe9c0c34e18f-1536x1024.jpg 1536w, https:\/\/www.dpg-goettingen.de\/wp-content\/uploads\/5d615346-6020-4b1c-8822-fe9c0c34e18f.jpg 2048w\" sizes=\"(max-width: 1024px) 100vw, 1024px\" \/><\/a><\/figure>\n\n\n\n<figure class=\"wp-block-image size-large\"><a href=\"https:\/\/www.dpg-goettingen.de\/wp-content\/uploads\/photo_5321438461288379278_y.jpg\"><img decoding=\"async\" loading=\"lazy\" width=\"1024\" height=\"682\" data-id=\"3113\"  src=\"https:\/\/www.dpg-goettingen.de\/wp-content\/uploads\/photo_5321438461288379278_y-1024x682.jpg\" alt=\"\" class=\"wp-image-3113\" srcset=\"https:\/\/www.dpg-goettingen.de\/wp-content\/uploads\/photo_5321438461288379278_y-1024x682.jpg 1024w, https:\/\/www.dpg-goettingen.de\/wp-content\/uploads\/photo_5321438461288379278_y-300x200.jpg 300w, https:\/\/www.dpg-goettingen.de\/wp-content\/uploads\/photo_5321438461288379278_y-768x512.jpg 768w, https:\/\/www.dpg-goettingen.de\/wp-content\/uploads\/photo_5321438461288379278_y.jpg 1280w\" sizes=\"(max-width: 1024px) 100vw, 1024px\" \/><\/a><\/figure>\n\n\n\n<figure class=\"wp-block-image size-large\"><a href=\"https:\/\/www.dpg-goettingen.de\/wp-content\/uploads\/photo_5321438461288379275_y.jpg\"><img decoding=\"async\" loading=\"lazy\" width=\"1024\" height=\"626\" data-id=\"3121\"  src=\"https:\/\/www.dpg-goettingen.de\/wp-content\/uploads\/photo_5321438461288379275_y-1024x626.jpg\" alt=\"\" class=\"wp-image-3121\" srcset=\"https:\/\/www.dpg-goettingen.de\/wp-content\/uploads\/photo_5321438461288379275_y-1024x626.jpg 1024w, https:\/\/www.dpg-goettingen.de\/wp-content\/uploads\/photo_5321438461288379275_y-300x184.jpg 300w, https:\/\/www.dpg-goettingen.de\/wp-content\/uploads\/photo_5321438461288379275_y-768x470.jpg 768w, https:\/\/www.dpg-goettingen.de\/wp-content\/uploads\/photo_5321438461288379275_y.jpg 1280w\" sizes=\"(max-width: 1024px) 100vw, 1024px\" \/><\/a><\/figure>\n\n\n\n<figure class=\"wp-block-image size-large\"><a href=\"https:\/\/www.dpg-goettingen.de\/wp-content\/uploads\/dc9cf09a-ae67-48ff-9499-2e18c2c69290.jpg\"><img decoding=\"async\" loading=\"lazy\" width=\"1024\" height=\"683\" data-id=\"3136\"  src=\"https:\/\/www.dpg-goettingen.de\/wp-content\/uploads\/dc9cf09a-ae67-48ff-9499-2e18c2c69290-1024x683.jpg\" alt=\"\" class=\"wp-image-3136\" srcset=\"https:\/\/www.dpg-goettingen.de\/wp-content\/uploads\/dc9cf09a-ae67-48ff-9499-2e18c2c69290-1024x683.jpg 1024w, https:\/\/www.dpg-goettingen.de\/wp-content\/uploads\/dc9cf09a-ae67-48ff-9499-2e18c2c69290-300x200.jpg 300w, https:\/\/www.dpg-goettingen.de\/wp-content\/uploads\/dc9cf09a-ae67-48ff-9499-2e18c2c69290-768x512.jpg 768w, https:\/\/www.dpg-goettingen.de\/wp-content\/uploads\/dc9cf09a-ae67-48ff-9499-2e18c2c69290-1536x1024.jpg 1536w, https:\/\/www.dpg-goettingen.de\/wp-content\/uploads\/dc9cf09a-ae67-48ff-9499-2e18c2c69290.jpg 2048w\" sizes=\"(max-width: 1024px) 100vw, 1024px\" \/><\/a><\/figure>\n\n\n\n<figure class=\"wp-block-image size-large\"><a href=\"https:\/\/www.dpg-goettingen.de\/wp-content\/uploads\/0bd034f7-0ebe-43e6-931f-d4f6672f5652.jpg\"><img decoding=\"async\" loading=\"lazy\" width=\"683\" height=\"1024\" data-id=\"3128\"  src=\"https:\/\/www.dpg-goettingen.de\/wp-content\/uploads\/0bd034f7-0ebe-43e6-931f-d4f6672f5652-683x1024.jpg\" alt=\"\" class=\"wp-image-3128\" srcset=\"https:\/\/www.dpg-goettingen.de\/wp-content\/uploads\/0bd034f7-0ebe-43e6-931f-d4f6672f5652-683x1024.jpg 683w, https:\/\/www.dpg-goettingen.de\/wp-content\/uploads\/0bd034f7-0ebe-43e6-931f-d4f6672f5652-200x300.jpg 200w, https:\/\/www.dpg-goettingen.de\/wp-content\/uploads\/0bd034f7-0ebe-43e6-931f-d4f6672f5652-768x1152.jpg 768w, https:\/\/www.dpg-goettingen.de\/wp-content\/uploads\/0bd034f7-0ebe-43e6-931f-d4f6672f5652-1024x1536.jpg 1024w, https:\/\/www.dpg-goettingen.de\/wp-content\/uploads\/0bd034f7-0ebe-43e6-931f-d4f6672f5652.jpg 1365w\" sizes=\"(max-width: 683px) 100vw, 683px\" \/><\/a><\/figure>\n\n\n\n<figure class=\"wp-block-image size-large\"><a href=\"https:\/\/www.dpg-goettingen.de\/wp-content\/uploads\/4e44b43a-ac4a-4ebc-8a48-4653767ad294.jpg\"><img decoding=\"async\" loading=\"lazy\" width=\"683\" height=\"1024\" data-id=\"3130\"  src=\"https:\/\/www.dpg-goettingen.de\/wp-content\/uploads\/4e44b43a-ac4a-4ebc-8a48-4653767ad294-683x1024.jpg\" alt=\"\" class=\"wp-image-3130\" srcset=\"https:\/\/www.dpg-goettingen.de\/wp-content\/uploads\/4e44b43a-ac4a-4ebc-8a48-4653767ad294-683x1024.jpg 683w, https:\/\/www.dpg-goettingen.de\/wp-content\/uploads\/4e44b43a-ac4a-4ebc-8a48-4653767ad294-200x300.jpg 200w, https:\/\/www.dpg-goettingen.de\/wp-content\/uploads\/4e44b43a-ac4a-4ebc-8a48-4653767ad294-768x1152.jpg 768w, https:\/\/www.dpg-goettingen.de\/wp-content\/uploads\/4e44b43a-ac4a-4ebc-8a48-4653767ad294-1024x1536.jpg 1024w, https:\/\/www.dpg-goettingen.de\/wp-content\/uploads\/4e44b43a-ac4a-4ebc-8a48-4653767ad294.jpg 1365w\" sizes=\"(max-width: 683px) 100vw, 683px\" \/><\/a><\/figure>\n\n\n\n<figure class=\"wp-block-image size-large\"><a href=\"https:\/\/www.dpg-goettingen.de\/wp-content\/uploads\/15388f7b-d927-4340-88d0-ed04c2a08921.jpg\"><img decoding=\"async\" loading=\"lazy\" width=\"1024\" height=\"683\" data-id=\"3135\"  src=\"https:\/\/www.dpg-goettingen.de\/wp-content\/uploads\/15388f7b-d927-4340-88d0-ed04c2a08921-1024x683.jpg\" alt=\"\" class=\"wp-image-3135\" srcset=\"https:\/\/www.dpg-goettingen.de\/wp-content\/uploads\/15388f7b-d927-4340-88d0-ed04c2a08921-1024x683.jpg 1024w, https:\/\/www.dpg-goettingen.de\/wp-content\/uploads\/15388f7b-d927-4340-88d0-ed04c2a08921-300x200.jpg 300w, https:\/\/www.dpg-goettingen.de\/wp-content\/uploads\/15388f7b-d927-4340-88d0-ed04c2a08921-768x512.jpg 768w, https:\/\/www.dpg-goettingen.de\/wp-content\/uploads\/15388f7b-d927-4340-88d0-ed04c2a08921-1536x1024.jpg 1536w, https:\/\/www.dpg-goettingen.de\/wp-content\/uploads\/15388f7b-d927-4340-88d0-ed04c2a08921.jpg 2048w\" sizes=\"(max-width: 1024px) 100vw, 1024px\" \/><\/a><\/figure>\n\n\n\n<figure class=\"wp-block-image size-large\"><a href=\"https:\/\/www.dpg-goettingen.de\/wp-content\/uploads\/52f22833-e608-4f63-9758-6c577f103a4b.jpg\"><img decoding=\"async\" loading=\"lazy\" width=\"1024\" height=\"683\" data-id=\"3131\"  src=\"https:\/\/www.dpg-goettingen.de\/wp-content\/uploads\/52f22833-e608-4f63-9758-6c577f103a4b-1024x683.jpg\" alt=\"\" class=\"wp-image-3131\" srcset=\"https:\/\/www.dpg-goettingen.de\/wp-content\/uploads\/52f22833-e608-4f63-9758-6c577f103a4b-1024x683.jpg 1024w, https:\/\/www.dpg-goettingen.de\/wp-content\/uploads\/52f22833-e608-4f63-9758-6c577f103a4b-300x200.jpg 300w, https:\/\/www.dpg-goettingen.de\/wp-content\/uploads\/52f22833-e608-4f63-9758-6c577f103a4b-768x512.jpg 768w, https:\/\/www.dpg-goettingen.de\/wp-content\/uploads\/52f22833-e608-4f63-9758-6c577f103a4b-1536x1024.jpg 1536w, https:\/\/www.dpg-goettingen.de\/wp-content\/uploads\/52f22833-e608-4f63-9758-6c577f103a4b.jpg 2048w\" sizes=\"(max-width: 1024px) 100vw, 1024px\" \/><\/a><\/figure>\n\n\n\n<figure class=\"wp-block-image size-large\"><a href=\"https:\/\/www.dpg-goettingen.de\/wp-content\/uploads\/a5adb63d-5a10-4be7-997f-6b848c222400.jpg\"><img decoding=\"async\" loading=\"lazy\" width=\"1024\" height=\"682\" data-id=\"3132\"  src=\"https:\/\/www.dpg-goettingen.de\/wp-content\/uploads\/a5adb63d-5a10-4be7-997f-6b848c222400-1024x682.jpg\" alt=\"\" class=\"wp-image-3132\" srcset=\"https:\/\/www.dpg-goettingen.de\/wp-content\/uploads\/a5adb63d-5a10-4be7-997f-6b848c222400-1024x682.jpg 1024w, https:\/\/www.dpg-goettingen.de\/wp-content\/uploads\/a5adb63d-5a10-4be7-997f-6b848c222400-300x200.jpg 300w, https:\/\/www.dpg-goettingen.de\/wp-content\/uploads\/a5adb63d-5a10-4be7-997f-6b848c222400-768x512.jpg 768w, https:\/\/www.dpg-goettingen.de\/wp-content\/uploads\/a5adb63d-5a10-4be7-997f-6b848c222400-1536x1023.jpg 1536w, https:\/\/www.dpg-goettingen.de\/wp-content\/uploads\/a5adb63d-5a10-4be7-997f-6b848c222400.jpg 2048w\" sizes=\"(max-width: 1024px) 100vw, 1024px\" \/><\/a><\/figure>\n\n\n\n<figure class=\"wp-block-image size-large\"><a href=\"https:\/\/www.dpg-goettingen.de\/wp-content\/uploads\/d7264399-93e4-421b-b030-da3ede0a89bf.jpg\"><img decoding=\"async\" loading=\"lazy\" width=\"1024\" height=\"683\" data-id=\"3138\"  src=\"https:\/\/www.dpg-goettingen.de\/wp-content\/uploads\/d7264399-93e4-421b-b030-da3ede0a89bf-1024x683.jpg\" alt=\"\" class=\"wp-image-3138\" srcset=\"https:\/\/www.dpg-goettingen.de\/wp-content\/uploads\/d7264399-93e4-421b-b030-da3ede0a89bf-1024x683.jpg 1024w, https:\/\/www.dpg-goettingen.de\/wp-content\/uploads\/d7264399-93e4-421b-b030-da3ede0a89bf-300x200.jpg 300w, https:\/\/www.dpg-goettingen.de\/wp-content\/uploads\/d7264399-93e4-421b-b030-da3ede0a89bf-768x512.jpg 768w, https:\/\/www.dpg-goettingen.de\/wp-content\/uploads\/d7264399-93e4-421b-b030-da3ede0a89bf-1536x1024.jpg 1536w, https:\/\/www.dpg-goettingen.de\/wp-content\/uploads\/d7264399-93e4-421b-b030-da3ede0a89bf.jpg 2048w\" sizes=\"(max-width: 1024px) 100vw, 1024px\" \/><\/a><\/figure>\n\n\n\n<figure class=\"wp-block-image size-large\"><a href=\"https:\/\/www.dpg-goettingen.de\/wp-content\/uploads\/6e1832e8-1c25-423b-a858-c0548d948a9a.jpg\"><img decoding=\"async\" loading=\"lazy\" width=\"1024\" height=\"682\" data-id=\"3141\"  src=\"https:\/\/www.dpg-goettingen.de\/wp-content\/uploads\/6e1832e8-1c25-423b-a858-c0548d948a9a-1024x682.jpg\" alt=\"\" class=\"wp-image-3141\" srcset=\"https:\/\/www.dpg-goettingen.de\/wp-content\/uploads\/6e1832e8-1c25-423b-a858-c0548d948a9a-1024x682.jpg 1024w, https:\/\/www.dpg-goettingen.de\/wp-content\/uploads\/6e1832e8-1c25-423b-a858-c0548d948a9a-300x200.jpg 300w, https:\/\/www.dpg-goettingen.de\/wp-content\/uploads\/6e1832e8-1c25-423b-a858-c0548d948a9a-768x512.jpg 768w, https:\/\/www.dpg-goettingen.de\/wp-content\/uploads\/6e1832e8-1c25-423b-a858-c0548d948a9a-1536x1023.jpg 1536w, https:\/\/www.dpg-goettingen.de\/wp-content\/uploads\/6e1832e8-1c25-423b-a858-c0548d948a9a.jpg 2048w\" sizes=\"(max-width: 1024px) 100vw, 1024px\" \/><\/a><\/figure>\n\n\n\n<figure class=\"wp-block-image size-large\"><a href=\"https:\/\/www.dpg-goettingen.de\/wp-content\/uploads\/b852fd5c-dbba-4f27-9037-53fe79ca9170.jpg\"><img decoding=\"async\" loading=\"lazy\" width=\"1024\" height=\"683\" data-id=\"3144\"  src=\"https:\/\/www.dpg-goettingen.de\/wp-content\/uploads\/b852fd5c-dbba-4f27-9037-53fe79ca9170-1024x683.jpg\" alt=\"\" class=\"wp-image-3144\" srcset=\"https:\/\/www.dpg-goettingen.de\/wp-content\/uploads\/b852fd5c-dbba-4f27-9037-53fe79ca9170-1024x683.jpg 1024w, https:\/\/www.dpg-goettingen.de\/wp-content\/uploads\/b852fd5c-dbba-4f27-9037-53fe79ca9170-300x200.jpg 300w, https:\/\/www.dpg-goettingen.de\/wp-content\/uploads\/b852fd5c-dbba-4f27-9037-53fe79ca9170-768x512.jpg 768w, https:\/\/www.dpg-goettingen.de\/wp-content\/uploads\/b852fd5c-dbba-4f27-9037-53fe79ca9170-1536x1024.jpg 1536w, https:\/\/www.dpg-goettingen.de\/wp-content\/uploads\/b852fd5c-dbba-4f27-9037-53fe79ca9170.jpg 2048w\" sizes=\"(max-width: 1024px) 100vw, 1024px\" \/><\/a><\/figure>\n\n\n\n<figure class=\"wp-block-image size-large\"><a href=\"https:\/\/www.dpg-goettingen.de\/wp-content\/uploads\/9b6dd76c-bd5f-473c-83b8-45e08247c03f-1024x683.jpg\"><img decoding=\"async\" loading=\"lazy\" width=\"1024\" height=\"683\" data-id=\"3145\"  src=\"https:\/\/www.dpg-goettingen.de\/wp-content\/uploads\/9b6dd76c-bd5f-473c-83b8-45e08247c03f-1024x683.jpg\" alt=\"\" class=\"wp-image-3145\" srcset=\"https:\/\/www.dpg-goettingen.de\/wp-content\/uploads\/9b6dd76c-bd5f-473c-83b8-45e08247c03f-1024x683.jpg 1024w, https:\/\/www.dpg-goettingen.de\/wp-content\/uploads\/9b6dd76c-bd5f-473c-83b8-45e08247c03f-300x200.jpg 300w, https:\/\/www.dpg-goettingen.de\/wp-content\/uploads\/9b6dd76c-bd5f-473c-83b8-45e08247c03f-768x512.jpg 768w, https:\/\/www.dpg-goettingen.de\/wp-content\/uploads\/9b6dd76c-bd5f-473c-83b8-45e08247c03f-1536x1024.jpg 1536w, https:\/\/www.dpg-goettingen.de\/wp-content\/uploads\/9b6dd76c-bd5f-473c-83b8-45e08247c03f.jpg 2048w\" sizes=\"(max-width: 1024px) 100vw, 1024px\" \/><\/a><\/figure>\n\n\n\n<figure class=\"wp-block-image size-large\"><a href=\"https:\/\/www.dpg-goettingen.de\/wp-content\/uploads\/42277d5a-0052-426d-99ab-f03a7bd1db5d.jpg\"><img decoding=\"async\" loading=\"lazy\" width=\"1024\" height=\"683\" data-id=\"3146\"  src=\"https:\/\/www.dpg-goettingen.de\/wp-content\/uploads\/42277d5a-0052-426d-99ab-f03a7bd1db5d-1024x683.jpg\" alt=\"\" class=\"wp-image-3146\" srcset=\"https:\/\/www.dpg-goettingen.de\/wp-content\/uploads\/42277d5a-0052-426d-99ab-f03a7bd1db5d-1024x683.jpg 1024w, https:\/\/www.dpg-goettingen.de\/wp-content\/uploads\/42277d5a-0052-426d-99ab-f03a7bd1db5d-300x200.jpg 300w, https:\/\/www.dpg-goettingen.de\/wp-content\/uploads\/42277d5a-0052-426d-99ab-f03a7bd1db5d-768x512.jpg 768w, https:\/\/www.dpg-goettingen.de\/wp-content\/uploads\/42277d5a-0052-426d-99ab-f03a7bd1db5d-1536x1024.jpg 1536w, https:\/\/www.dpg-goettingen.de\/wp-content\/uploads\/42277d5a-0052-426d-99ab-f03a7bd1db5d.jpg 2048w\" sizes=\"(max-width: 1024px) 100vw, 1024px\" \/><\/a><\/figure>\n\n\n\n<figure class=\"wp-block-image size-large\"><a href=\"https:\/\/www.dpg-goettingen.de\/wp-content\/uploads\/b5bf0fe0-b169-4ff8-be97-3d9b93df0c35.jpg\"><img decoding=\"async\" loading=\"lazy\" width=\"1024\" height=\"683\" data-id=\"3149\"  src=\"https:\/\/www.dpg-goettingen.de\/wp-content\/uploads\/b5bf0fe0-b169-4ff8-be97-3d9b93df0c35-1024x683.jpg\" alt=\"\" class=\"wp-image-3149\" srcset=\"https:\/\/www.dpg-goettingen.de\/wp-content\/uploads\/b5bf0fe0-b169-4ff8-be97-3d9b93df0c35-1024x683.jpg 1024w, https:\/\/www.dpg-goettingen.de\/wp-content\/uploads\/b5bf0fe0-b169-4ff8-be97-3d9b93df0c35-300x200.jpg 300w, https:\/\/www.dpg-goettingen.de\/wp-content\/uploads\/b5bf0fe0-b169-4ff8-be97-3d9b93df0c35-768x512.jpg 768w, https:\/\/www.dpg-goettingen.de\/wp-content\/uploads\/b5bf0fe0-b169-4ff8-be97-3d9b93df0c35-1536x1024.jpg 1536w, https:\/\/www.dpg-goettingen.de\/wp-content\/uploads\/b5bf0fe0-b169-4ff8-be97-3d9b93df0c35.jpg 2048w\" sizes=\"(max-width: 1024px) 100vw, 1024px\" \/><\/a><\/figure>\n\n\n\n<figure class=\"wp-block-image size-large\"><a href=\"https:\/\/www.dpg-goettingen.de\/wp-content\/uploads\/90e71057-a0e0-47f6-8caa-63606a623dba.jpg\"><img decoding=\"async\" loading=\"lazy\" width=\"1024\" height=\"682\" data-id=\"3150\"  src=\"https:\/\/www.dpg-goettingen.de\/wp-content\/uploads\/90e71057-a0e0-47f6-8caa-63606a623dba-1024x682.jpg\" alt=\"\" class=\"wp-image-3150\" srcset=\"https:\/\/www.dpg-goettingen.de\/wp-content\/uploads\/90e71057-a0e0-47f6-8caa-63606a623dba-1024x682.jpg 1024w, https:\/\/www.dpg-goettingen.de\/wp-content\/uploads\/90e71057-a0e0-47f6-8caa-63606a623dba-300x200.jpg 300w, https:\/\/www.dpg-goettingen.de\/wp-content\/uploads\/90e71057-a0e0-47f6-8caa-63606a623dba-768x512.jpg 768w, https:\/\/www.dpg-goettingen.de\/wp-content\/uploads\/90e71057-a0e0-47f6-8caa-63606a623dba-1536x1023.jpg 1536w, https:\/\/www.dpg-goettingen.de\/wp-content\/uploads\/90e71057-a0e0-47f6-8caa-63606a623dba.jpg 2048w\" sizes=\"(max-width: 1024px) 100vw, 1024px\" \/><\/a><\/figure>\n\n\n\n<figure class=\"wp-block-image size-large\"><a href=\"https:\/\/www.dpg-goettingen.de\/wp-content\/uploads\/5f1b9a19-de3b-44b5-98b3-376aa1451040.jpg\"><img decoding=\"async\" loading=\"lazy\" width=\"1024\" height=\"683\" data-id=\"3147\"  src=\"https:\/\/www.dpg-goettingen.de\/wp-content\/uploads\/5f1b9a19-de3b-44b5-98b3-376aa1451040-1024x683.jpg\" alt=\"\" class=\"wp-image-3147\" srcset=\"https:\/\/www.dpg-goettingen.de\/wp-content\/uploads\/5f1b9a19-de3b-44b5-98b3-376aa1451040-1024x683.jpg 1024w, https:\/\/www.dpg-goettingen.de\/wp-content\/uploads\/5f1b9a19-de3b-44b5-98b3-376aa1451040-300x200.jpg 300w, https:\/\/www.dpg-goettingen.de\/wp-content\/uploads\/5f1b9a19-de3b-44b5-98b3-376aa1451040-768x512.jpg 768w, https:\/\/www.dpg-goettingen.de\/wp-content\/uploads\/5f1b9a19-de3b-44b5-98b3-376aa1451040-1536x1024.jpg 1536w, https:\/\/www.dpg-goettingen.de\/wp-content\/uploads\/5f1b9a19-de3b-44b5-98b3-376aa1451040.jpg 2048w\" sizes=\"(max-width: 1024px) 100vw, 1024px\" \/><\/a><\/figure>\n\n\n\n<figure class=\"wp-block-image size-large\"><a href=\"https:\/\/www.dpg-goettingen.de\/wp-content\/uploads\/75155c6d-93c8-41ed-ac7c-b28d4ea94daf.jpg\"><img decoding=\"async\" loading=\"lazy\" width=\"683\" height=\"1024\" data-id=\"3151\"  src=\"https:\/\/www.dpg-goettingen.de\/wp-content\/uploads\/75155c6d-93c8-41ed-ac7c-b28d4ea94daf-683x1024.jpg\" alt=\"\" class=\"wp-image-3151\" srcset=\"https:\/\/www.dpg-goettingen.de\/wp-content\/uploads\/75155c6d-93c8-41ed-ac7c-b28d4ea94daf-683x1024.jpg 683w, https:\/\/www.dpg-goettingen.de\/wp-content\/uploads\/75155c6d-93c8-41ed-ac7c-b28d4ea94daf-200x300.jpg 200w, https:\/\/www.dpg-goettingen.de\/wp-content\/uploads\/75155c6d-93c8-41ed-ac7c-b28d4ea94daf-768x1152.jpg 768w, https:\/\/www.dpg-goettingen.de\/wp-content\/uploads\/75155c6d-93c8-41ed-ac7c-b28d4ea94daf-1024x1536.jpg 1024w, https:\/\/www.dpg-goettingen.de\/wp-content\/uploads\/75155c6d-93c8-41ed-ac7c-b28d4ea94daf.jpg 1365w\" sizes=\"(max-width: 683px) 100vw, 683px\" \/><\/a><\/figure>\n\n\n\n<figure class=\"wp-block-image size-large\"><a href=\"https:\/\/www.dpg-goettingen.de\/wp-content\/uploads\/4c8a3519-2999-4d7f-8e19-7b99708ca8ea.jpg\"><img decoding=\"async\" loading=\"lazy\" width=\"1024\" height=\"683\" data-id=\"3153\"  src=\"https:\/\/www.dpg-goettingen.de\/wp-content\/uploads\/4c8a3519-2999-4d7f-8e19-7b99708ca8ea-1024x683.jpg\" alt=\"\" class=\"wp-image-3153\" srcset=\"https:\/\/www.dpg-goettingen.de\/wp-content\/uploads\/4c8a3519-2999-4d7f-8e19-7b99708ca8ea-1024x683.jpg 1024w, https:\/\/www.dpg-goettingen.de\/wp-content\/uploads\/4c8a3519-2999-4d7f-8e19-7b99708ca8ea-300x200.jpg 300w, https:\/\/www.dpg-goettingen.de\/wp-content\/uploads\/4c8a3519-2999-4d7f-8e19-7b99708ca8ea-768x512.jpg 768w, https:\/\/www.dpg-goettingen.de\/wp-content\/uploads\/4c8a3519-2999-4d7f-8e19-7b99708ca8ea-1536x1024.jpg 1536w, https:\/\/www.dpg-goettingen.de\/wp-content\/uploads\/4c8a3519-2999-4d7f-8e19-7b99708ca8ea.jpg 2048w\" sizes=\"(max-width: 1024px) 100vw, 1024px\" \/><\/a><\/figure>\n\n\n\n<figure class=\"wp-block-image size-large\"><a href=\"https:\/\/www.dpg-goettingen.de\/wp-content\/uploads\/1ed1d646-fe1e-4366-ae09-2bee80ce97ec.jpg\"><img decoding=\"async\" loading=\"lazy\" width=\"1024\" height=\"683\" data-id=\"3148\"  src=\"https:\/\/www.dpg-goettingen.de\/wp-content\/uploads\/1ed1d646-fe1e-4366-ae09-2bee80ce97ec-1024x683.jpg\" alt=\"\" class=\"wp-image-3148\" srcset=\"https:\/\/www.dpg-goettingen.de\/wp-content\/uploads\/1ed1d646-fe1e-4366-ae09-2bee80ce97ec-1024x683.jpg 1024w, https:\/\/www.dpg-goettingen.de\/wp-content\/uploads\/1ed1d646-fe1e-4366-ae09-2bee80ce97ec-300x200.jpg 300w, https:\/\/www.dpg-goettingen.de\/wp-content\/uploads\/1ed1d646-fe1e-4366-ae09-2bee80ce97ec-768x512.jpg 768w, https:\/\/www.dpg-goettingen.de\/wp-content\/uploads\/1ed1d646-fe1e-4366-ae09-2bee80ce97ec-1536x1024.jpg 1536w, https:\/\/www.dpg-goettingen.de\/wp-content\/uploads\/1ed1d646-fe1e-4366-ae09-2bee80ce97ec.jpg 2048w\" sizes=\"(max-width: 1024px) 100vw, 1024px\" \/><\/a><\/figure>\n\n\n\n<figure class=\"wp-block-image size-large\"><a href=\"https:\/\/www.dpg-goettingen.de\/wp-content\/uploads\/d16ddfca-9b42-410e-9d39-df07625abae5.jpg\"><img decoding=\"async\" loading=\"lazy\" width=\"1024\" height=\"683\" data-id=\"3154\"  src=\"https:\/\/www.dpg-goettingen.de\/wp-content\/uploads\/d16ddfca-9b42-410e-9d39-df07625abae5-1024x683.jpg\" alt=\"\" class=\"wp-image-3154\" srcset=\"https:\/\/www.dpg-goettingen.de\/wp-content\/uploads\/d16ddfca-9b42-410e-9d39-df07625abae5-1024x683.jpg 1024w, https:\/\/www.dpg-goettingen.de\/wp-content\/uploads\/d16ddfca-9b42-410e-9d39-df07625abae5-300x200.jpg 300w, https:\/\/www.dpg-goettingen.de\/wp-content\/uploads\/d16ddfca-9b42-410e-9d39-df07625abae5-768x512.jpg 768w, https:\/\/www.dpg-goettingen.de\/wp-content\/uploads\/d16ddfca-9b42-410e-9d39-df07625abae5-1536x1024.jpg 1536w, https:\/\/www.dpg-goettingen.de\/wp-content\/uploads\/d16ddfca-9b42-410e-9d39-df07625abae5.jpg 2048w\" sizes=\"(max-width: 1024px) 100vw, 1024px\" \/><\/a><\/figure>\n\n\n\n<figure class=\"wp-block-image size-large\"><a href=\"https:\/\/www.dpg-goettingen.de\/wp-content\/uploads\/3e43f16c-c0c5-4fce-b38b-26dd0eabbc35.jpg\"><img decoding=\"async\" loading=\"lazy\" width=\"1024\" height=\"683\" data-id=\"3155\"  src=\"https:\/\/www.dpg-goettingen.de\/wp-content\/uploads\/3e43f16c-c0c5-4fce-b38b-26dd0eabbc35-1024x683.jpg\" alt=\"\" class=\"wp-image-3155\" srcset=\"https:\/\/www.dpg-goettingen.de\/wp-content\/uploads\/3e43f16c-c0c5-4fce-b38b-26dd0eabbc35-1024x683.jpg 1024w, https:\/\/www.dpg-goettingen.de\/wp-content\/uploads\/3e43f16c-c0c5-4fce-b38b-26dd0eabbc35-300x200.jpg 300w, https:\/\/www.dpg-goettingen.de\/wp-content\/uploads\/3e43f16c-c0c5-4fce-b38b-26dd0eabbc35-768x512.jpg 768w, https:\/\/www.dpg-goettingen.de\/wp-content\/uploads\/3e43f16c-c0c5-4fce-b38b-26dd0eabbc35-1536x1024.jpg 1536w, https:\/\/www.dpg-goettingen.de\/wp-content\/uploads\/3e43f16c-c0c5-4fce-b38b-26dd0eabbc35.jpg 2048w\" sizes=\"(max-width: 1024px) 100vw, 1024px\" \/><\/a><\/figure>\n<\/figure>\n\n\n\n<p>Bilder: Stephan Beuermann<\/p>\n\n\n\n<p><strong>Ablauf:<\/strong><\/p>\n\n\n\n<p>15:30 Uhr \u2013 Friedensgebet in der Kirche St. Paulus<\/p>\n\n\n\n<p>16:30 Uhr \u2013 Schweigemarsch zum Marktplatz<\/p>\n\n\n\n<p>17:00 Uhr \u2013 Kundgebung auf dem Marktplatz vor dem Alten Rathaus<\/p>\n\n\n\n<p><\/p>\n\n\n\n<blockquote class=\"wp-block-quote\">\n<p><strong>Solidarit\u00e4tsrede zum Jahrestag der russischen Invasion in die Ukraine<\/strong><\/p>\n\n\n\n<p>Liebe Freundinnen und Freunde,<\/p>\n\n\n\n<p>ich spreche heute zu euch als stellvertretende Vorsitzende der <em>Deutsch-Polnischen Gesellschaft G\u00f6ttingen<\/em>, einer Organisation, die sich f\u00fcr das Verst\u00e4ndnis und die Zusammenarbeit zwischen unseren Polen und Deutschland einsetzt. F\u00fcr uns ist Glasklar: Gerade in dieser Zeit ist es unsere Pflicht, als europ\u00e4ische Gesellschaften zusammenzustehen, an der Seite der Ukraine zu stehen.<\/p>\n\n\n\n<p><\/p>\n\n\n\n<p>Die j\u00fcngsten, zutiefst besorgniserregenden \u00c4u\u00dferungen der US-Delegation run um die M\u00fcnchner Sicherheitskonferenz zeigen, wie wichtig es ist, hier und heute und \u00fcberall klar Stellung zu beziehen. Die Relativierung der Schuld, die Abkehr von Werten und die Gleichsetzung von Aggressor und Opfer sind inakzeptabel.<\/p>\n\n\n\n<p><\/p>\n\n\n\n<p>Wir wollen eines klarstellen: <strong>Unsere Zukunft lassen wir uns nicht von Russland diktieren.<\/strong><\/p>\n\n\n\n<p><\/p>\n\n\n\n<p>Denn wir wissen: <strong>Frieden ist nicht einfach ein Zustand, sondern eine bewusste Entscheidung.<\/strong> Eine Entscheidung f\u00fcr Regeln, f\u00fcr Verbindlichkeit, f\u00fcr Wahrheit.<\/p>\n\n\n\n<p><\/p>\n\n\n\n<p>Lassen Sie mich ein paar Worte zu Ochtyrka sagen, seit 2023 G\u00f6ttingens Partnerstadt. Sie wurde 2022 ununterbrochen \u00fcber drei Wochen hinweg von russischen Truppen bombardiert. Die russischen Truppen setzten Streumunition ein. <strong>Wohnsiedlungen wurden gezielt ins Visier genommen, Schulen und Krankenh\u00e4user zerst\u00f6rt.<\/strong> Es erscheint unvorstellbar, dass trotz dieser massiven Angriffe nur etwas mehr die H\u00e4lfte der Bev\u00f6lkerung geflohen ist. <strong>Die andere H\u00e4lfte blieb \u2013 aus Hoffnung, aus Notwendigkeit, aus Widerstand.<\/strong> Trotz dieser furchtbaren Zerst\u00f6rung hat sich die Stadt nicht unterkriegen lassen.<\/p>\n\n\n\n<p><\/p>\n\n\n\n<p>Doch der Wiederaufbau geschieht nicht von selbst. <strong>Es ist von elementarer Bedeutung f\u00fcr den Frieden in der Ukraine, dass die Infrastruktur erneuert und erhalten wird.<\/strong> Dass Krankenh\u00e4user funktionieren, dass Stromnetze instand gehalten werden, dass Gemeinden ihre Aufgaben der Versorgung erf\u00fcllen k\u00f6nnen.<\/p>\n\n\n\n<p><\/p>\n\n\n\n<p>Durch unsere <strong>zivile Unterst\u00fctzung, Spenden, Hilfsg\u00fcter<\/strong> leisten wir unseren Beitrag. Jede funktionierende Gemeinde, jede Schule, jedes gesicherte Krankenhaus <strong>st\u00e4rkt die Ukraine und ist<\/strong> <strong>ein Baustein in der Wehrhaftigkeit der Ukraine. Herzlichen Dank daf\u00fcr!<\/strong><\/p>\n\n\n\n<p><\/p>\n\n\n\n<p><strong>2013 und 2015 war ich in der Ukraine, kurz vor und nach dem Euromaidan. Damals war ich frisch gebackene Politikwissenschaftlerin, voller Neugier, aber auch noch etwas gr\u00fcn hinter den Ohren. Ich dachte, ich h\u00e4tte verstanden, was Demokratie und Freiheit sind \u2013 doch die Ukrainer*innen haben mich eines Besseren belehrt.<\/strong><\/p>\n\n\n\n<p><\/p>\n\n\n\n<p>Die manchmal abstrakten Konzepte von Europ\u00e4isierung und Freiheit \u2013 ihr habt sie f\u00fcr mich so viel lebendiger, nahbarer gemacht. Es waren damals Recherchereisen mit vielen Gespr\u00e4chen mit NGOs, jungen Politiker*innen und freien Medien. Ich wei\u00df noch genau, wie ich von der Erkenntnis und Bewunderung erfasst wurde &#8211; wie gro\u00df der Hunger nach der Zukunft sein kann!<\/p>\n\n\n\n<p><\/p>\n\n\n\n<p>Eine Zukunft mit demokratischen Regeln, Verl\u00e4sslichkeit, Ehrlichkeit, funktionierenden Institutionen und starken freien Medien.<\/p>\n\n\n\n<p><\/p>\n\n\n\n<p>Dieser Wille, diese Entschlossenheit, dieses Engagement und die Aufopferung der Ukrainer*innen haben f\u00fcr mich den Weg geebnet f\u00fcr mein eigenes ehrenamtliches Engagement.<\/p>\n\n\n\n<p><\/p>\n\n\n\n<p>Ihr habt mir gezeigt, dass ich mich nicht darauf verlassen kann, dass es andere f\u00fcr mich schon richten werden. Dass es sich unbedingt lohnt, gemeinsam mit anderen Wissen, Kraft und Zeit f\u00fcr andere Dinge einzusetzen als nur f\u00fcr materielle Werte. Wenn ich mich heute bei der Deutsch-Polnischen Gesellschaft und politisch engagiere, dann auch, weil ihr es mir beigebracht habt.<\/p>\n\n\n\n<p><\/p>\n\n\n\n<p>Wenn wir heute hier stehen, dann nicht nur gegen eine kriegerische Invasion, sondern auch gegen jene, die glauben, Gewalt sei wichtiger als Recht. Wir leisten Widerstand gegen alle, die demokratische Institutionen zerst\u00f6ren, Wahrheit bewusst verdrehen und damit den Boden f\u00fcr Tyrannei bereiten.<\/p>\n\n\n\n<p>Denn wenn wir nicht mehr Wahrheit von Unwahrheit unterscheiden k\u00f6nnen, wenn das kollektive Gaslighting erfolgreich wird \u2013 dann ger\u00e4t das Fundament der Demokratie ins Wanken.<\/p>\n\n\n\n<p>Demokratie ist kein Zuschauersport.<\/p>\n\n\n\n<p><\/p>\n\n\n\n<p>Als stellvertretende Vorsitzende der <em>Deutsch-Polnischen Gesellschaft G\u00f6ttingen<\/em> sehe ich es als <strong>unsere besondere Verantwortung,<\/strong> unsere osteurop\u00e4ischen Nachbarn in ihrem Streben nach Freiheit zu unterst\u00fctzen. Die <strong>Geschichte meines zweiten Heimatlandes Polen zeigt, wie hart erk\u00e4mpft Demokratie und Selbstbestimmung sein k\u00f6nnen.<\/strong> Aber sie sind es wert!<\/p>\n\n\n\n<p><\/p>\n\n\n\n<p><strong>Es gibt keine Sicherheit ohne Freiheit. Es gibt keine Zukunft ohne Freiheit.<\/strong> Und deshalb stehen wir heute hier, deshalb stehen wir gemeinsam ein \u2013 <strong>f\u00fcr die gemeinsame europ\u00e4ische Sache!<\/strong><\/p>\n\n\n\n<p><strong>Slava Ukraini!<\/strong><\/p>\n\n\n\n<p><\/p>\n<cite>Die Rede unserer stellvertretenden Vorsitzenden Klaudia Hanisch<\/cite><\/blockquote>\n\n\n\n<figure class=\"wp-block-image is-resized\"><img decoding=\"async\" loading=\"lazy\" src=\"https:\/\/www.dpg-goettingen.de\/wp-content\/uploads\/479398090_997740449067232_9084445320207656782_n-724x1024.jpg\" alt=\"\" class=\"wp-image-3096\" width=\"422\" height=\"597\" srcset=\"https:\/\/www.dpg-goettingen.de\/wp-content\/uploads\/479398090_997740449067232_9084445320207656782_n-724x1024.jpg 724w, https:\/\/www.dpg-goettingen.de\/wp-content\/uploads\/479398090_997740449067232_9084445320207656782_n-212x300.jpg 212w, https:\/\/www.dpg-goettingen.de\/wp-content\/uploads\/479398090_997740449067232_9084445320207656782_n-768x1086.jpg 768w, https:\/\/www.dpg-goettingen.de\/wp-content\/uploads\/479398090_997740449067232_9084445320207656782_n-1086x1536.jpg 1086w, https:\/\/www.dpg-goettingen.de\/wp-content\/uploads\/479398090_997740449067232_9084445320207656782_n.jpg 1131w\" sizes=\"(max-width: 422px) 100vw, 422px\" \/><\/figure>\n\n\n\n<p><\/p>\n\n\n\n<p>\u2014<\/p>\n\n\n\n<p>Aufruf zur Kundgebung am 22. Februar 2025 in G\u00f6ttingen<\/p>\n\n\n\n<p>Am 24. Februar 2025 j\u00e4hrt sich die v\u00f6lkerrechtswidrige Invasion Russlands in die Ukraine zum dritten Mal. Drei Jahre voller Leid, Zerst\u00f6rung und unermesslicher Opfer f\u00fcr die Menschen in der Ukraine. Drei Jahre, in denen die Ukraine unersch\u00fctterlich f\u00fcr ihre Freiheit, f\u00fcr ihre Souver\u00e4nit\u00e4t und f\u00fcr die Zukunft Europas k\u00e4mpft.<\/p>\n\n\n\n<p>Der russische Angriffskrieg ist nicht nur ein brutaler \u00dcberfall auf die Ukraine \u2013 er ist ein Angriff auf die Grundwerte von Demokratie, Freiheit und Menschenrechten, die uns in Europa verbinden. Die Ukraine verteidigt nicht nur ihr eigenes Existenzrecht, sondern auch die Sicherheit und Stabilit\u00e4t unseres gesamten Kontinents. Die Konsequenzen dieses Krieges reichen weit \u00fcber die Ukraine hinaus: Sie betreffen auch Deutschland und die europ\u00e4ische Friedensordnung.<\/p>\n\n\n\n<p>Die Zukunft unserer Kinder h\u00e4ngt davon ab, wie dieser Krieg endet. Lassen wir zu, dass Aggression belohnt wird? Oder stehen wir gemeinsam gegen Unterdr\u00fcckung und Gewalt? Es liegt an uns, entschlossen f\u00fcr die Unterst\u00fctzung der Ukraine einzutreten, damit Diktatoren nicht ungestraft Angriffskriege f\u00fchren und mit dem Besitz von Atomwaffen drohen k\u00f6nnen.<\/p>\n\n\n\n<p><strong>Um die Ukraine in ihrem Freiheitskampf zu unterst\u00fctzen, braucht es weiterhin unsere uneingeschr\u00e4nkte Solidarit\u00e4t. Milit\u00e4rische, humanit\u00e4re und wirtschaftliche Hilfe sind entscheidend, um der Ukraine den Sieg und damit eine gerechte, sichere und friedliche Zukunft f\u00fcr Europa zu erm\u00f6glichen.<\/strong><\/p>\n\n\n\n<p><strong>Daher rufen wir die B\u00fcrgerinnen und B\u00fcrger G\u00f6ttingens auf, am 22. Februar 2025 um 17:00 Uhr auf dem Marktplatz vor dem Alten Rathaus gemeinsam ein starkes Zeichen der Unterst\u00fctzung zu setzen.<\/strong><\/p>\n\n\n\n<p><strong>Vor der Kundgebung findet um 15:30 Uhr in der Kirche St. Paulus ein Gebet f\u00fcr den Frieden statt. Anschlie\u00dfend beginnt um 16:30 Uhr ein Schweigemarsch zum Marktplatz, wo um 17:00 Uhr die Kundgebung beginnt.<\/strong><\/p>\n\n\n\n<p><strong>Bei der Kundgebung werden \u2013 umrahmt von einem musikalischen Rahmenprogramm ukrainischer K\u00fcnstlerinnen und K\u00fcnstler \u2013 Vertreterinnen und Vertreter der Zivilgesellschaft sprechen. Zudem werden die Bundestagskandidatin Viola von Cramon sowie die Bundestagskandidaten Fritz G\u00fcntzler, Dr. Thorsten Heinze und Konstantin Kuhle erwartet.<\/strong><\/p>\n\n\n\n<p><strong>Stehen Sie mit uns f\u00fcr die Ukraine ein. Lassen Sie uns gemeinsam Solidarit\u00e4t zeigen!<\/strong><\/p>\n\n\n\n<p><strong>Slawa Ukraini!<\/strong><\/p>\n\n\n\n<p>Organisatoren: Ukrainisch-Deutschen Gemeinschaft in S\u00fcdniedersachsen, Europa-Union und die Deutsch-Polnische Gesellschaft G\u00f6ttingen. Gemeinsam f\u00fcr die Ukraine \u2013 kommt auf jeden Fall zahlreich. Jede Pr\u00e4senz z\u00e4hlt!<\/p>\n\n\n\n<hr class=\"wp-block-separator has-alpha-channel-opacity\"\/>\n\n\n\n<p>Wir rufen zu Sachspenden f\u00fcr die ukrainische Partnerstadt G\u00f6ttingens Ochtyrka aus Anlass der Auslieferung von drei Feuerwehrfahrzeugen auf. Auch Geldspenden f\u00fcr Wareneink\u00e4ufe sind m\u00f6glich: &nbsp;Dazu habe ich folgende Hinweise von der Stadt bekommen:<\/p>\n\n\n\n<p>Zahlungen bitte an:<\/p>\n\n\n\n<p>Kreditinstitut: Sparkasse G\u00f6ttingen<\/p>\n\n\n\n<p>IBAN: DE56 2605 0001 0000 0000 42<\/p>\n\n\n\n<p>BIC: NOLADE21GOE<\/p>\n\n\n\n<p>Verwendungszweck: \u201eSpende Hilfstransport Ukraine\u201c<\/p>\n\n\n\n<p>Das Ausstellen einer Spendenbescheinigung durch die Stadt G\u00f6ttingen erfolgt erst ab einem Spendenbetrag von \u00fcber 300,00 \u20ac. Bis 300,00 \u20ac ist der Nachweis des eigenen Kreditinstitutes (z.B. in Form eines \u00dcberweisungstr\u00e4gers oder eines Kontoauszuges) ausreichend f\u00fcr den Nachweis der Spende bei der Steuererkl\u00e4rung. Bitte den Wunsch einer Spendenbescheinigung angeben, zusammen mit dem Namen und der Adresse des Spendenden.<\/p>\n\n\n\n<div class=\"wp-block-buttons is-layout-flex\">\n<div class=\"wp-block-button\"><a class=\"wp-block-button__link wp-element-button\" href=\"https:\/\/www.dpg-goettingen.de\/?p=2644\" target=\"_blank\" rel=\"noreferrer noopener\">Bericht von den Gedenkveranstaltungen am 24. Februar 2024 mit Galerie<\/a><\/div>\n<\/div>\n\n\n\n<figure class=\"wp-block-image size-large is-resized\"><img decoding=\"async\" loading=\"lazy\" src=\"https:\/\/www.dpg-goettingen.de\/wp-content\/uploads\/424672537_738630051700441_8554730126245820440_n-724x1024.jpg\" alt=\"\" class=\"wp-image-2612\" width=\"629\" height=\"890\" srcset=\"https:\/\/www.dpg-goettingen.de\/wp-content\/uploads\/424672537_738630051700441_8554730126245820440_n-724x1024.jpg 724w, https:\/\/www.dpg-goettingen.de\/wp-content\/uploads\/424672537_738630051700441_8554730126245820440_n-212x300.jpg 212w, https:\/\/www.dpg-goettingen.de\/wp-content\/uploads\/424672537_738630051700441_8554730126245820440_n-768x1086.jpg 768w, https:\/\/www.dpg-goettingen.de\/wp-content\/uploads\/424672537_738630051700441_8554730126245820440_n-1086x1536.jpg 1086w, https:\/\/www.dpg-goettingen.de\/wp-content\/uploads\/424672537_738630051700441_8554730126245820440_n.jpg 1414w\" sizes=\"(max-width: 629px) 100vw, 629px\" \/><\/figure>\n\n\n\n<p><\/p>\n\n\n\n<p>Zusammen mit der Ukrainisch-Deutschen Gemeinschaft in S\u00fcdniedersachsen, dem&nbsp;<a href=\"https:\/\/www.facebook.com\/profile.php?id=100069516831603&amp;__cft__[0]=AZVGVe2uknTYDEWI5CgWnXtUNXVPG1KGgMiNA4vgRfwGSx8Mdnj5S_FMwfFVMfuRtImcOVrflhVloF7EET8xxdzgTf4cVl1PCmS26xB1VxGQG9VuQwF4HtAblGhrtqhPnvRlNZtVw-2Q5QmdjE1bh4_l9sm5bZFU4vqalSyxwWdxexjVLEHtWeVzfI4oPh9pLr0&amp;__tn__=-]K-R\">Deutsch-Ukrainischer Verein in G\u00f6ttingen e.V.<\/a>&nbsp;und der&nbsp;<a href=\"https:\/\/www.facebook.com\/europauniongoettingen?__cft__[0]=AZVGVe2uknTYDEWI5CgWnXtUNXVPG1KGgMiNA4vgRfwGSx8Mdnj5S_FMwfFVMfuRtImcOVrflhVloF7EET8xxdzgTf4cVl1PCmS26xB1VxGQG9VuQwF4HtAblGhrtqhPnvRlNZtVw-2Q5QmdjE1bh4_l9sm5bZFU4vqalSyxwWdxexjVLEHtWeVzfI4oPh9pLr0&amp;__tn__=-]K-R\">Europa-Union Deutschland \u2013 EUD Kreisverband G\u00f6ttingen e.V.<\/a>&nbsp;rufen wir zu Kundgebung am 24. Februar 2024 auf.<\/p>\n\n\n\n<p><strong>Um 17 Uhr starten wir mit einem Friedensgebet in Sankt Michael, dann folgt ein stiller Marsch zu unserer Kundgebung ab 18 Uhr auf dem Marktplatz.<\/strong><\/p>\n\n\n\n<p>Veranstaltungsaufruf:<\/p>\n\n\n\n<p>Der 24. Februar 2024 markiert den zweiten Jahrestag der v\u00f6lkerrechtswidrigen Invasion Russlands in der Ukraine. Das Ausma\u00df der russischen Kriegsverbrechen, die unz\u00e4hligen Opfer und das unermessliche Leid der Menschen in der Ukraine sind kaum vorstellbar und ein erneuter Tiefpunkt in der europ\u00e4ischen Geschichte. Dar\u00fcber hinaus hat der russische Krieg gegen die Ukraine tiefgreifende politische, soziale und wirtschaftliche Auswirkungen in vielen L\u00e4ndern der Welt, auch auf unsere Gesellschaft in Deutschland.<\/p>\n\n\n\n<p>Die Ukraine verteidigt nicht nur ihr eigenes Recht, in einer demokratischen, freien Welt zu leben, sondern ganz Europa. Die Zukunft unserer Kinder h\u00e4ngt davon ab, wie dieser Krieg beendet wird, ob wir in Sicherheit und Wohlstand in einer demokratischen Gesellschaft leben werden oder immer in Angst. Von unseren Entscheidungen heute h\u00e4ngt ab, ob Diktatoren ungehindert Angriffskriege f\u00fchren werden und wegen des denkbaren Zugriffs auf Atomwaffen jedes Ultimatum stellen k\u00f6nnen.<\/p>\n\n\n\n<p>Um der Ukraine zu helfen, das Unrecht zu bek\u00e4mpfen und die Menschen in den besetzten Gebieten zu befreien, m\u00fcssen wir die Ukrainerinnen und Ukrainer mit allen notwendigen Mitteln bei der Verteidigung ihrer Heimat unterst\u00fctzen. Die Ukraine muss siegen, damit eine dauerhafte Friedensordnung in Europa wieder realistisch wird.<\/p>\n\n\n\n<p>An diesem wichtigen Jahrestag wollen wir aus G\u00f6ttingen starkes Zeichen der Solidarit\u00e4t und Unterst\u00fctzung f\u00fcr die Ukraine setzen und treffen uns am 24. Februar 2024, 18.00 Uhr, auf dem Marktplatz vor dem Alten Rathaus in G\u00f6ttingen. Zuvor findet um 17 Uhr ein Gebet f\u00fcr den Frieden in der Kirche St. Michael statt.<\/p>\n\n\n\n<p>Wir bitten Sie, unterst\u00fctzen Sie unseren Aufruf, stehen sie mit uns zusammen.<\/p>\n\n\n\n<p><strong>Slawa Ukraini!<\/strong><\/p>\n\n\n\n<hr class=\"wp-block-separator has-alpha-channel-opacity\"\/>\n\n\n\n<p>8. M\u00e4rz 2022<\/p>\n\n\n\n<h2 class=\"wp-block-heading\">Internationaler Frauentag in der Ukraine sowie Veranstaltung zur Aufnahme von ukrainischen Gefl\u00fcchteten in Polen und Deutschland<\/h2>\n\n\n\n<p>Gemeinsam mit unserer Partnerorganisation, der Polnisch-Deutschen Gesellschaft in Thorn\/&nbsp;Towarzystwo Polsko-Niemieckie w Toruniu, luden wir am 8. April 2022 zum Austausch zwischen der G\u00f6ttinger und Thorner Zivilgesellschaft ein.<\/p>\n\n\n\n<p>Thema: &#8222;Solidarit\u00e4t und Aufnahme von ukrainischen Gefl\u00fcchteten in Deutschland und Polen&#8220;<\/p>\n\n\n\n<p>Welche erste Erfahrungsbilanz k\u00f6nnen wir auf der lokalen Ebene ziehen? Was funktioniert bereits gut, wo k\u00f6nnen wir voneinander lernen, um uns auf die verst\u00e4rkte Fluchtbewegung besser vorzubereiten?<br \/>Die Hilfsbereitschaft der Bev\u00f6lkerung auf beiden Seiten der Oder ist riesig. Wie k\u00f6nnen wir diese Solidarit\u00e4t \u00fcber das erste Momentum hinaus erhalten? Und was leisten auf beiden Seiten die lokalen Gebietsk\u00f6rperschaften?<\/p>\n\n\n\n<p>Der stellvertretende Vorsitzende unserer Thorner Partnergesellschaft, Adam Jarosz, wird uns einen ersten \u00dcberblick verschaffen. Im Anschluss wollen wir in einem von unserem Vorsitzenden&nbsp;Harm Adam&nbsp;moderierten Gespr\u00e4ch unsere Erfahrungen und Perspektiven austauschen.<\/p>\n\n\n\n<hr class=\"wp-block-separator has-alpha-channel-opacity\"\/>\n\n\n\n<p>Sowohl in der Ukraine wie auch in Russland, dem Land des Aggressors, hat der internationale Frauentag den Rang eines Feiertags.<\/p>\n\n\n\n<p>Aber in der Ukraine wird es keinen freien Tag geben; denn von den Bombardierungen, von den Raketenangriffen auf Wohngebiete, den Beschuss von Zivilisten sind die Menschen keines Genders frei. Hier geht es nun ums blanke \u00dcberleben.<\/p>\n\n\n\n<p>Dabei hatte die Ukraine bereits gute Schritte in Richtung Gleichstellung von Frauen und M\u00e4nnern gemacht. Und damit meinen wir nicht unbedingt die Wehrpflicht f\u00fcr alle.<\/p>\n\n\n\n<p>Best\u00e4n\u00addig wuchs die Anzahl der Frauen in der Politik, so etwa die der Abge\u00adord\u00adne\u00adten der Wer\u00adchowna Rada. In der lau\u00adfen\u00adden Legis\u00adla\u00adtur\u00adpe\u00adri\u00adode ist ihr Anteil so gro\u00df wie nie zuvor und betr\u00e4gt 20 Prozent. Bei den Regio\u00adnal\u00adwah\u00adlen 2020 kam erst\u00admals eine Genderquote zur Anwen\u00addung, die einen Anteil von nicht weniger als 40 Prozent von Per\u00adso\u00adnen eines Geschlechts vorsah.<\/p>\n\n\n\n<p>Doch es gibt auch noch viel zu tun. Das Miss\u00adver\u00adh\u00e4lt\u00adnis des Brut\u00adto\u00adstun\u00adden\u00adver\u00addiens\u00adtes zwi\u00adschen Frauen und M\u00e4nnern betr\u00e4gt offi\u00adzi\u00adel\u00adlen Daten zufolge 25 Prozent. Im Arbeits\u00adge\u00adsetz\u00adbuch ist die gleiche Bezah\u00adlung von M\u00e4nnern und Frauen nicht festgeschrieben.<br \/>Frauen beset\u00adzen gegen\u00adw\u00e4r\u00adtig weniger als ein Viertel der F\u00fch\u00adrungs\u00adpo\u00adsi\u00adtio\u00adnen im Land.<\/p>\n\n\n\n<p>Der Krieg wirft nun die ganze ukrainische Gesellschaft auf die Sicherung der elementarsten Bed\u00fcrfnisse zur\u00fcck. Es ist unsere Verpflichtung, die Frauen in der Ukraine zu unterst\u00fctzen, ihnen eine h\u00f6rbare Stimme zu geben. Die gefl\u00fcchteten Frauen m\u00f6chten wir so gut wie m\u00f6glich auch in Deutschland aufnehmen und auf ihren weiteren pers\u00f6nlichen Weg st\u00e4rken.<\/p>\n\n\n\n<p>\u043c\u0438 \u0437 \u0432\u0430\u043c\u0438!&nbsp;<\/p>\n\n\n\n<figure class=\"wp-block-gallery has-nested-images columns-default is-cropped wp-block-gallery-4 is-layout-flex\">\n<figure class=\"wp-block-image size-large\"><img decoding=\"async\" loading=\"lazy\" width=\"1024\" height=\"1024\" data-id=\"2165\"  src=\"https:\/\/www.dpg-goettingen.de\/wp-content\/uploads\/275398497_1081267959089611_3152803988344944086_n-1-3-1024x1024.jpg\" alt=\"\" class=\"wp-image-2165\" srcset=\"https:\/\/www.dpg-goettingen.de\/wp-content\/uploads\/275398497_1081267959089611_3152803988344944086_n-1-3-1024x1024.jpg 1024w, https:\/\/www.dpg-goettingen.de\/wp-content\/uploads\/275398497_1081267959089611_3152803988344944086_n-1-3-300x300.jpg 300w, https:\/\/www.dpg-goettingen.de\/wp-content\/uploads\/275398497_1081267959089611_3152803988344944086_n-1-3-150x150.jpg 150w, https:\/\/www.dpg-goettingen.de\/wp-content\/uploads\/275398497_1081267959089611_3152803988344944086_n-1-3-768x768.jpg 768w, https:\/\/www.dpg-goettingen.de\/wp-content\/uploads\/275398497_1081267959089611_3152803988344944086_n-1-3-1536x1536.jpg 1536w, https:\/\/www.dpg-goettingen.de\/wp-content\/uploads\/275398497_1081267959089611_3152803988344944086_n-1-3-600x600.jpg 600w, https:\/\/www.dpg-goettingen.de\/wp-content\/uploads\/275398497_1081267959089611_3152803988344944086_n-1-3.jpg 2048w\" sizes=\"(max-width: 1024px) 100vw, 1024px\" \/><\/figure>\n\n\n\n<figure class=\"wp-block-image size-large\"><img decoding=\"async\" loading=\"lazy\" width=\"1024\" height=\"767\" data-id=\"2164\"  src=\"https:\/\/www.dpg-goettingen.de\/wp-content\/uploads\/276127107_1087894525093621_3947530172044705195_n-2-1024x767.jpg\" alt=\"\" class=\"wp-image-2164\" srcset=\"https:\/\/www.dpg-goettingen.de\/wp-content\/uploads\/276127107_1087894525093621_3947530172044705195_n-2-1024x767.jpg 1024w, https:\/\/www.dpg-goettingen.de\/wp-content\/uploads\/276127107_1087894525093621_3947530172044705195_n-2-300x225.jpg 300w, https:\/\/www.dpg-goettingen.de\/wp-content\/uploads\/276127107_1087894525093621_3947530172044705195_n-2-768x575.jpg 768w, https:\/\/www.dpg-goettingen.de\/wp-content\/uploads\/276127107_1087894525093621_3947530172044705195_n-2.jpg 1440w\" sizes=\"(max-width: 1024px) 100vw, 1024px\" \/><\/figure>\n<\/figure>\n\n\n\n<hr class=\"wp-block-separator has-alpha-channel-opacity\"\/>\n\n\n\n<p>12. Dezember 2021<\/p>\n\n\n\n<h2 class=\"wp-block-heading\">Solidarit\u00e4t mit der belarusischen Demokratiebewegung und mit den Asylsuchenden an der EU-Grenze<\/h2>\n\n\n\n<p>Ein gemeinsames Statement<\/p>\n\n\n\n<p>der Europa-Union Deutschland &#8211; EUD Kreisverband G\u00f6ttingen e.V.,<\/p>\n\n\n\n<p>der Deutsch-Franz\u00f6sische Gesellschaft G\u00f6ttingen e.V.,<\/p>\n\n\n\n<p>der Deutsch-Polnischen Gesellschaft G\u00f6ttingen,<\/p>\n\n\n\n<p>des Osteuropa-Vereins des Hainberg-Gymnasiums,<\/p>\n\n\n\n<p>den Vertreter:innen der belarusischen Diaspora in G\u00f6ttingen und Umgebung,<\/p>\n\n\n\n<p>und der Europaabgeordneten ViolavonCramon MEP, B\u00fcndnis 90\/Die Gr\u00fcnen.<\/p>\n\n\n\n<p>Am Sonntag, den 12.12.2021 um 12 Uhr, haben wir uns in kleiner Runde am G\u00f6ttinger G\u00e4nseliesel versammelt, um aus der Mitte der Gesellschaft auf das Schicksal der Opfer des Regimes Lukaschenko hinzuweisen und an die menschenrechtlichen Grundlagen der EU in diesem Bezug zu erinnern. Die Letzteren m\u00fcssen auch in der l\u00e4ngst \u00fcberf\u00e4lligen Reform des Asylrechts zum Tragen kommen.<\/p>\n\n\n\n<p>Lukaschenko hat seine Skrupellosigkeit immer wieder unter Beweis gestellt: Die Wahlf\u00e4lschungen, die gewaltsame Unterdr\u00fcckung von Protesten, die \u00fcberaus brutalen Versuche, den Freiheitswillen der Belarus:innen zu zersetzen mit physischer und psychischer Folter, und mit Vergewaltigungen bis hin zu Morden an Regimekritikern \u2013 all das verurteilen wir aufs Sch\u00e4rfste. Wir sehen uns an der Seite der belarusischen Freiheitsk\u00e4mpfer:innen und unterst\u00fctzen die Arbeit des Menschenrechtszentrums Wjasna, welches die politischen Verfolgungen unerschrocken dokumentiert. Wjasna z\u00e4hlt aktuell 913 (12.12.2021) politische Gefangene im Land. Fast jeden Tag werden es mehr. Die Dokumentation ist \u00e4u\u00dferst wichtig auch f\u00fcr einen zuk\u00fcnftigen Prozess gegen Lukaschenko vor einem internationalen Gerichtshof.<\/p>\n\n\n\n<p>In den letzten Monaten lockte der Apparat Lukaschenkos Menschen aus Krisengebieten mit dem Versprechen einer besseren sicheren Zukunft in Europa, um sie dann gewaltsam an die Grenze zu Polen, Litauen und Lettland zu dr\u00e4ngen. Menschenrechtsorganisationen sprechen von zw\u00f6lf Menschen, die an der belarusisch-polnischen Grenze bereits gestorben sind &#8211; eine unglaubliche Trag\u00f6die, die niemals h\u00e4tte passieren d\u00fcrfen. Auch deswegen darf die Arbeit von Menschenrechtsorganisationen, das Monitoring zur Einhaltung der Menschenrechte in den sog. Sperrzonen an der EU-Grenzen nicht behindert werden.<\/p>\n\n\n\n<p>Schonungslos nutzt Lukaschenko die Schwachstellen der EU in der Migrations- und Asylpolitik. F\u00fcr uns ist klar &#8211; die EU darf sich nicht von Diktatoren erpressen lassen, die Asylsuchende als Spielb\u00e4lle missbrauchen. Die Eskalation an der Grenze ist auch das Ergebnis eines fehlenden Verteilmechanismus. Europ\u00e4ische Solidarit\u00e4t darf sich nicht darauf beschr\u00e4nken, andere Mitgliedstaaten bei der Grenzsicherung zu unterst\u00fctzen. Wir und alle anderen demokratischen Kr\u00e4fte in der EU m\u00fcssen uns f\u00fcr eine Fl\u00fcchtlingspolitik einsetzen, die auf Grundrechten basiert. Auch sollten wir davon abr\u00fccken, die Verantwortung f\u00fcr die Sicherung der Grenzen in die Nachbarstaaten auszulagern.<\/p>\n\n\n\n<p>Gleichzeitig m\u00f6chten wir an die Verpflichtung aller EU-Staaten erinnern, die Situation der Fl\u00fcchtlinge an der Grenze durch Sofortma\u00dfnahmen zu verbessern. Hierzu gab es bereits mehrere Statements des Europ\u00e4ischen Gerichtshofs f\u00fcr Menschenrechte in Stra\u00dfburg. Wir sind davon \u00fcberzeugt, dass dies die einzig ad\u00e4quate Antwort w\u00e4re auf die Versuche Lukaschenkos, die menschenrechtlichen Grundlagen der EU in Frage zu stellen und sie damit vorzuf\u00fchren. Von illegalen Pushbacks \u2013 also Abschiebungen nach Belarus \u2013 m\u00fcssen alle EU-Staaten dringend absehen.<\/p>\n\n\n\n<p>Wir appellieren an die neue Bundesregierung, die bestehenden Hilfsprogramme f\u00fcr die Belarus:innen auszubauen und gemeinsam mit anderen EU-Mitgliedstaaten Asylsuchenden an der Grenze zur EU Zuflucht zu gew\u00e4hren. Lukaschenkos menschenverachtendes Vorgehen enthebt die Staatengemeinschaft nicht von ihrer Schutzverantwortung.<\/p>\n\n\n\n<figure class=\"wp-block-gallery has-nested-images columns-default is-cropped wp-block-gallery-6 is-layout-flex\">\n<figure class=\"wp-block-image size-large\"><img decoding=\"async\" loading=\"lazy\" width=\"1024\" height=\"682\" data-id=\"2158\"  src=\"https:\/\/www.dpg-goettingen.de\/wp-content\/uploads\/266364449_1031467740736300_4035366560132256892_n-1024x682.jpg\" alt=\"\" class=\"wp-image-2158\" srcset=\"https:\/\/www.dpg-goettingen.de\/wp-content\/uploads\/266364449_1031467740736300_4035366560132256892_n-1024x682.jpg 1024w, https:\/\/www.dpg-goettingen.de\/wp-content\/uploads\/266364449_1031467740736300_4035366560132256892_n-300x200.jpg 300w, https:\/\/www.dpg-goettingen.de\/wp-content\/uploads\/266364449_1031467740736300_4035366560132256892_n-768x512.jpg 768w, https:\/\/www.dpg-goettingen.de\/wp-content\/uploads\/266364449_1031467740736300_4035366560132256892_n-1536x1024.jpg 1536w, https:\/\/www.dpg-goettingen.de\/wp-content\/uploads\/266364449_1031467740736300_4035366560132256892_n.jpg 1877w\" sizes=\"(max-width: 1024px) 100vw, 1024px\" \/><\/figure>\n\n\n\n<figure class=\"wp-block-image size-large\"><img decoding=\"async\" loading=\"lazy\" width=\"903\" height=\"602\" data-id=\"2148\"  src=\"https:\/\/www.dpg-goettingen.de\/wp-content\/uploads\/266457399_1031467984069609_6689075330149709887_n.jpg\" alt=\"\" class=\"wp-image-2148\" srcset=\"https:\/\/www.dpg-goettingen.de\/wp-content\/uploads\/266457399_1031467984069609_6689075330149709887_n.jpg 903w, https:\/\/www.dpg-goettingen.de\/wp-content\/uploads\/266457399_1031467984069609_6689075330149709887_n-300x200.jpg 300w, https:\/\/www.dpg-goettingen.de\/wp-content\/uploads\/266457399_1031467984069609_6689075330149709887_n-768x512.jpg 768w\" sizes=\"(max-width: 903px) 100vw, 903px\" \/><\/figure>\n\n\n\n<figure class=\"wp-block-image size-large\"><img decoding=\"async\" loading=\"lazy\" width=\"800\" height=\"533\" data-id=\"2156\"  src=\"https:\/\/www.dpg-goettingen.de\/wp-content\/uploads\/267614648_1031466910736383_3673188536619907569_n.jpg\" alt=\"\" class=\"wp-image-2156\" srcset=\"https:\/\/www.dpg-goettingen.de\/wp-content\/uploads\/267614648_1031466910736383_3673188536619907569_n.jpg 800w, https:\/\/www.dpg-goettingen.de\/wp-content\/uploads\/267614648_1031466910736383_3673188536619907569_n-300x200.jpg 300w, https:\/\/www.dpg-goettingen.de\/wp-content\/uploads\/267614648_1031466910736383_3673188536619907569_n-768x512.jpg 768w\" sizes=\"(max-width: 800px) 100vw, 800px\" \/><\/figure>\n\n\n\n<figure class=\"wp-block-image size-large\"><img decoding=\"async\" loading=\"lazy\" width=\"724\" height=\"483\" data-id=\"2153\"  src=\"https:\/\/www.dpg-goettingen.de\/wp-content\/uploads\/265309375_1031466800736394_6007130290021337458_n.jpg\" alt=\"\" class=\"wp-image-2153\" srcset=\"https:\/\/www.dpg-goettingen.de\/wp-content\/uploads\/265309375_1031466800736394_6007130290021337458_n.jpg 724w, https:\/\/www.dpg-goettingen.de\/wp-content\/uploads\/265309375_1031466800736394_6007130290021337458_n-300x200.jpg 300w\" sizes=\"(max-width: 724px) 100vw, 724px\" \/><\/figure>\n\n\n\n<figure class=\"wp-block-image size-large\"><img decoding=\"async\" loading=\"lazy\" width=\"747\" height=\"498\" data-id=\"2152\"  src=\"https:\/\/www.dpg-goettingen.de\/wp-content\/uploads\/266293911_1031466600736414_2992212511088720836_n.jpg\" alt=\"\" class=\"wp-image-2152\" srcset=\"https:\/\/www.dpg-goettingen.de\/wp-content\/uploads\/266293911_1031466600736414_2992212511088720836_n.jpg 747w, https:\/\/www.dpg-goettingen.de\/wp-content\/uploads\/266293911_1031466600736414_2992212511088720836_n-300x200.jpg 300w\" sizes=\"(max-width: 747px) 100vw, 747px\" \/><\/figure>\n\n\n\n<figure class=\"wp-block-image size-large\"><img decoding=\"async\" loading=\"lazy\" width=\"768\" height=\"513\" data-id=\"2147\"  src=\"https:\/\/www.dpg-goettingen.de\/wp-content\/uploads\/265494186_1031466587403082_2164740131977851996_n.jpg\" alt=\"\" class=\"wp-image-2147\" srcset=\"https:\/\/www.dpg-goettingen.de\/wp-content\/uploads\/265494186_1031466587403082_2164740131977851996_n.jpg 768w, https:\/\/www.dpg-goettingen.de\/wp-content\/uploads\/265494186_1031466587403082_2164740131977851996_n-300x200.jpg 300w\" sizes=\"(max-width: 768px) 100vw, 768px\" \/><\/figure>\n\n\n\n<figure class=\"wp-block-image size-large\"><img decoding=\"async\" loading=\"lazy\" width=\"899\" height=\"599\" data-id=\"2155\"  src=\"https:\/\/www.dpg-goettingen.de\/wp-content\/uploads\/265953948_1031466474069760_4449316480589928690_n.jpg\" alt=\"\" class=\"wp-image-2155\" srcset=\"https:\/\/www.dpg-goettingen.de\/wp-content\/uploads\/265953948_1031466474069760_4449316480589928690_n.jpg 899w, https:\/\/www.dpg-goettingen.de\/wp-content\/uploads\/265953948_1031466474069760_4449316480589928690_n-300x200.jpg 300w, https:\/\/www.dpg-goettingen.de\/wp-content\/uploads\/265953948_1031466474069760_4449316480589928690_n-768x512.jpg 768w\" sizes=\"(max-width: 899px) 100vw, 899px\" \/><\/figure>\n\n\n\n<figure class=\"wp-block-image size-large\"><img decoding=\"async\" loading=\"lazy\" width=\"747\" height=\"855\" data-id=\"2157\"  src=\"https:\/\/www.dpg-goettingen.de\/wp-content\/uploads\/267427698_1031466650736409_7490322677614984039_n.jpg\" alt=\"\" class=\"wp-image-2157\" srcset=\"https:\/\/www.dpg-goettingen.de\/wp-content\/uploads\/267427698_1031466650736409_7490322677614984039_n.jpg 747w, https:\/\/www.dpg-goettingen.de\/wp-content\/uploads\/267427698_1031466650736409_7490322677614984039_n-262x300.jpg 262w\" sizes=\"(max-width: 747px) 100vw, 747px\" \/><\/figure>\n\n\n\n<figure class=\"wp-block-image size-large\"><img decoding=\"async\" loading=\"lazy\" width=\"752\" height=\"501\" data-id=\"2146\"  src=\"https:\/\/www.dpg-goettingen.de\/wp-content\/uploads\/267246106_1031466384069769_5089201352621438765_n.jpg\" alt=\"\" class=\"wp-image-2146\" srcset=\"https:\/\/www.dpg-goettingen.de\/wp-content\/uploads\/267246106_1031466384069769_5089201352621438765_n.jpg 752w, https:\/\/www.dpg-goettingen.de\/wp-content\/uploads\/267246106_1031466384069769_5089201352621438765_n-300x200.jpg 300w\" sizes=\"(max-width: 752px) 100vw, 752px\" \/><\/figure>\n\n\n\n<figure class=\"wp-block-image size-large\"><img decoding=\"async\" loading=\"lazy\" width=\"732\" height=\"488\" data-id=\"2149\"  src=\"https:\/\/www.dpg-goettingen.de\/wp-content\/uploads\/266191591_1031466400736434_6595073356383752099_n.jpg\" alt=\"\" class=\"wp-image-2149\" srcset=\"https:\/\/www.dpg-goettingen.de\/wp-content\/uploads\/266191591_1031466400736434_6595073356383752099_n.jpg 732w, https:\/\/www.dpg-goettingen.de\/wp-content\/uploads\/266191591_1031466400736434_6595073356383752099_n-300x200.jpg 300w\" sizes=\"(max-width: 732px) 100vw, 732px\" \/><figcaption class=\"wp-element-caption\">Gemeinsame Solidarit\u00e4tsaktion mit symbolischen gr\u00fcnen Lichtern am 12. Dezember 2021<\/figcaption><\/figure>\n<\/figure>\n","protected":false},"excerpt":{"rendered":"<p>Gemeinsamer Aufruf zur Kundgebung am Sonntag, 22. Februar 2026 4. Jahrestag der russischen Vollinvasion in die Ukraine (24. Februar 2022) Europa steht an der Seite&hellip;<\/p>\n","protected":false},"author":9,"featured_media":0,"parent":0,"menu_order":0,"comment_status":"closed","ping_status":"closed","template":"","meta":[],"_links":{"self":[{"href":"https:\/\/www.dpg-goettingen.de\/index.php?rest_route=\/wp\/v2\/pages\/2137"}],"collection":[{"href":"https:\/\/www.dpg-goettingen.de\/index.php?rest_route=\/wp\/v2\/pages"}],"about":[{"href":"https:\/\/www.dpg-goettingen.de\/index.php?rest_route=\/wp\/v2\/types\/page"}],"author":[{"embeddable":true,"href":"https:\/\/www.dpg-goettingen.de\/index.php?rest_route=\/wp\/v2\/users\/9"}],"replies":[{"embeddable":true,"href":"https:\/\/www.dpg-goettingen.de\/index.php?rest_route=%2Fwp%2Fv2%2Fcomments&post=2137"}],"version-history":[{"count":31,"href":"https:\/\/www.dpg-goettingen.de\/index.php?rest_route=\/wp\/v2\/pages\/2137\/revisions"}],"predecessor-version":[{"id":3484,"href":"https:\/\/www.dpg-goettingen.de\/index.php?rest_route=\/wp\/v2\/pages\/2137\/revisions\/3484"}],"wp:attachment":[{"href":"https:\/\/www.dpg-goettingen.de\/index.php?rest_route=%2Fwp%2Fv2%2Fmedia&parent=2137"}],"curies":[{"name":"wp","href":"https:\/\/api.w.org\/{rel}","templated":true}]}}